{"id":91,"date":"2022-08-18T03:05:10","date_gmt":"2022-08-18T06:05:10","guid":{"rendered":"https:\/\/noticiasdestaque.com.br\/index.php\/home-1\/"},"modified":"2024-08-18T22:51:04","modified_gmt":"2024-08-19T01:51:04","slug":"home","status":"publish","type":"page","link":"https:\/\/noticiasdestaque.com.br\/","title":{"rendered":"Home"},"content":{"rendered":"<p>[vc_row][vc_column][vc_raw_html]JTNDZGl2JTIwaWQlM0QlMjJleHRlcm5vLWZ1bGwtYm94JTIyJTNFJTNDJTJGZGl2JTNFJTBBJTNDc2NyaXB0JTNFJTBBJTA5alF1ZXJ5JTI4ZG9jdW1lbnQlMjkucmVhZHklMjhmdW5jdGlvbiUyOCUyOSU3QiUyMGpRdWVyeSUyOCUyNyUyM2V4dGVybm8tZnVsbC1ib3glMjclMjkubG9hZCUyOCUyN2h0dHBzJTNBJTJGJTJGdG9wdmlwcy5jb20uYnIlMkZ3cC1hZG1pbiUyRmFkbWluLWFqYXgucGhwJTNGYWN0aW9uJTNEYWEtc2VydmVyLXNlbGVjdCUyNnAlM0RleHRlcm5vLWZ1bGwlMjBkaXYlM0FmaXJzdCUyNyUyOS5pbm5lckhUTUwlM0IlMjAlN0QlMjklM0IlMEElM0MlMkZzY3JpcHQlM0UlMEE=[\/vc_raw_html]<div  class=\"jeg_breakingnews clearfix jnews_module__0_69f1c72838ca8   \">\n                <div class=\"jeg_breakingnews_title\"><i class=\"fas fa-bolt\">&nbsp;<\/i> <span>Agora<\/span><\/div>\n\n                <div class=\"jeg_news_ticker\" data-autoplay='true' data-delay='3000' data-animation='horizontal'>\n                    <div class=\"jeg_news_ticker_items\">\n                        <div class=\"jeg_news_ticker_item jeg_news_ticker_animated jeg_news_ticker_active format-standard\">\n                <span>\n                    <a href=\"https:\/\/noticiasdestaque.com.br\/index.php\/2026\/04\/28\/estudo-do-cgee-aponta-futuro-no-brasil-ate-2040\/\" >Estudo do CGEE aponta futuro no Brasil at\u00e9 2040<\/a>\n                <\/span>\n                <span class=\"post-date\">\n                    28 de abril de 2026\n                <\/span>\n            <\/div><div class=\"jeg_news_ticker_item jeg_news_ticker_animated  format-standard\">\n                <span>\n                    <a href=\"https:\/\/noticiasdestaque.com.br\/index.php\/2026\/04\/28\/eleicoes-2026-lula-tem-empate-tecnico-com-flavio-zema-e-caiado-no-2o-turno-aponta-nexus\/\" >Elei\u00e7\u00f5es 2026: Lula tem empate t\u00e9cnico com Fl\u00e1vio, Zema e Caiado no 2\u00ba turno, aponta Nexus<\/a>\n                <\/span>\n                <span class=\"post-date\">\n                    28 de abril de 2026\n                <\/span>\n            <\/div><div class=\"jeg_news_ticker_item jeg_news_ticker_animated  format-standard\">\n                <span>\n                    <a href=\"https:\/\/noticiasdestaque.com.br\/index.php\/2026\/04\/27\/dolar-fecha-ultimo-pregao-em-baixa-cotado-a-r-498\/\" >D\u00f3lar fecha \u00faltimo preg\u00e3o em baixa, cotado a R$ 4,98<\/a>\n                <\/span>\n                <span class=\"post-date\">\n                    27 de abril de 2026\n                <\/span>\n            <\/div><div class=\"jeg_news_ticker_item jeg_news_ticker_animated  format-standard\">\n                <span>\n                    <a href=\"https:\/\/noticiasdestaque.com.br\/index.php\/2026\/04\/27\/resultado-da-lotofacil-3671-de-segunda-feira-27-04-2026\/\" >Resultado da lotof\u00e1cil 3671 de segunda-feira (27\/04\/2026)<\/a>\n                <\/span>\n                <span class=\"post-date\">\n                    27 de abril de 2026\n                <\/span>\n            <\/div><div class=\"jeg_news_ticker_item jeg_news_ticker_animated  format-standard\">\n                <span>\n                    <a href=\"https:\/\/noticiasdestaque.com.br\/index.php\/2026\/04\/27\/o-tempo-e-a-temperatura-frente-fria-mantem-chuva-no-parana-e-geada-no-rio-grande-do-sul-nesta-terca-feira-28\/\" >O TEMPO E A TEMPERATURA: Frente fria mant\u00e9m chuva no Paran\u00e1 e geada no Rio Grande do Sul nesta ter\u00e7a-feira (28)<\/a>\n                <\/span>\n                <span class=\"post-date\">\n                    27 de abril de 2026\n                <\/span>\n            <\/div>\n                    <\/div>\n                    <div class=\"jeg_news_ticker_control\">\n                        <div class=\"jeg_news_ticker_next jeg_news_ticker_arrow\"><span>Pr\u00f3ximo<\/span><\/div>\n                        <div class=\"jeg_news_ticker_prev jeg_news_ticker_arrow\"><span>Anterior<\/span><\/div>\n                    <\/div>\n                <\/div>\n                \n            <\/div><div  class=\"jeg_heroblock jeg_heroblock_2 jeg_col_2o3 jeg_hero_style_2 jnews_module__1_69f1c7283b308 vc_custom_1557372879519 \" data-margin=\"2\" >\n                <div class=\"jeg_hero_wrapper\"><div class=\"jeg_heroblock_wrapper\" style='margin: 0px 0px -2px -2px;'>\n\t                <article class=\"jeg_post jeg_hero_item_1 format-standard\" style=\"padding: 0 0 2px 2px;\">\n                        <div class=\"jeg_block_container\">\n                            \n                            <span class=\"jeg_postformat_icon\"><\/span>\n                            <div class=\"jeg_thumb\">\n                                <a href=\"https:\/\/noticiasdestaque.com.br\/index.php\/2026\/04\/29\/brasil-reforca-protagonismo-em-energia-limpa-e-infraestrutura-digital-durante-evento-global-em-nova-york\/\" ><div class=\"thumbnail-container thumbnail-background\" data-src=\"https:\/\/noticiasdestaque.com.br\/wp-content\/uploads\/2026\/04\/BrasilreforaprotagonismoemenergialimpaeinfraestruturadigitalduranteeventoglobalemNovaYork_0043537001777449758.jpeg\" >\n                        <div class=\"lazyloaded\" data-src=\"https:\/\/noticiasdestaque.com.br\/wp-content\/uploads\/2026\/04\/BrasilreforaprotagonismoemenergialimpaeinfraestruturadigitalduranteeventoglobalemNovaYork_0043537001777449758.jpeg\" style=\"background-image: url(https:\/\/noticiasdestaque.com.br\/wp-content\/uploads\/2026\/04\/BrasilreforaprotagonismoemenergialimpaeinfraestruturadigitalduranteeventoglobalemNovaYork_0043537001777449758.jpeg)\"><\/div>\n                    <\/div><\/a>\n                            <\/div>\n                            <div class=\"jeg_postblock_content\">\n                                <div class=\"jeg_post_category\"><a href=\"https:\/\/noticiasdestaque.com.br\/index.php\/category\/economia\/\" class=\"category-economia\">Economia<\/a><\/div>\n                                <div class=\"jeg_post_info\">\n                                    <h2 class=\"jeg_post_title\">\n                                        <a href=\"https:\/\/noticiasdestaque.com.br\/index.php\/2026\/04\/29\/brasil-reforca-protagonismo-em-energia-limpa-e-infraestrutura-digital-durante-evento-global-em-nova-york\/\" >Brasil refor\u00e7a protagonismo em energia limpa e infraestrutura digital durante evento global em Nova York<\/a>\n                                    <\/h2>\n                                    <div class=\"jeg_post_meta\"><div class=\"jeg_meta_author\"><span class=\"by\">por<\/span> <a href=\"https:\/\/noticiasdestaque.com.br\/index.php\/author\/admin_ndestaque\/\">Reda\u00e7\u00e3o<\/a><\/div><div class=\"jeg_meta_date\"><a href=\"https:\/\/noticiasdestaque.com.br\/index.php\/2026\/04\/29\/brasil-reforca-protagonismo-em-energia-limpa-e-infraestrutura-digital-durante-evento-global-em-nova-york\/\"><i class=\"fa fa-clock-o\"><\/i> 29 de abril de 2026<\/a><\/div><\/div>\n                                <\/div>\n                            <\/div>\n                        <\/div>\n                    <\/article>\n                <div class=\"jeg_heroblock_scroller\">\n                    <article class=\"jeg_post jeg_hero_item_2 format-standard\" style=\"padding: 0 0 2px 2px;\">\n                        <div class=\"jeg_block_container\">\n                            \n                            <span class=\"jeg_postformat_icon\"><\/span>\n                            <div class=\"jeg_thumb\">\n                                <a href=\"https:\/\/noticiasdestaque.com.br\/index.php\/2026\/04\/28\/ibovespa-fecha-ultima-sessao-em-baixa-aos-188-618-pontos\/\" ><div class=\"thumbnail-container thumbnail-background\" data-src=\"https:\/\/noticiasdestaque.com.br\/wp-content\/uploads\/2026\/04\/Ibovespafechaltimasessoembaixaaos188.618pontos_0905674001777420923-350x250.jpeg\" >\n                        <div class=\"lazyloaded\" data-src=\"https:\/\/noticiasdestaque.com.br\/wp-content\/uploads\/2026\/04\/Ibovespafechaltimasessoembaixaaos188.618pontos_0905674001777420923-350x250.jpeg\" style=\"background-image: url(https:\/\/noticiasdestaque.com.br\/wp-content\/uploads\/2026\/04\/Ibovespafechaltimasessoembaixaaos188.618pontos_0905674001777420923-350x250.jpeg)\"><\/div>\n                    <\/div><\/a>\n                            <\/div>\n                            <div class=\"jeg_postblock_content\">\n                                <div class=\"jeg_post_category\"><a href=\"https:\/\/noticiasdestaque.com.br\/index.php\/category\/economia\/\" class=\"category-economia\">Economia<\/a><\/div>\n                                <div class=\"jeg_post_info\">\n                                    <h2 class=\"jeg_post_title\">\n                                        <a href=\"https:\/\/noticiasdestaque.com.br\/index.php\/2026\/04\/28\/ibovespa-fecha-ultima-sessao-em-baixa-aos-188-618-pontos\/\" >Ibovespa fecha \u00faltima sess\u00e3o em baixa, aos 188.618 pontos<\/a>\n                                    <\/h2>\n                                    <div class=\"jeg_post_meta\"><div class=\"jeg_meta_date\"><a href=\"https:\/\/noticiasdestaque.com.br\/index.php\/2026\/04\/28\/ibovespa-fecha-ultima-sessao-em-baixa-aos-188-618-pontos\/\" ><i class=\"fa fa-clock-o\"><\/i> 28 de abril de 2026<\/a><\/div><\/div>\n                                <\/div>\n                            <\/div>\n                        <\/div>\n                    <\/article><article class=\"jeg_post jeg_hero_item_3 format-standard\" style=\"padding: 0 0 2px 2px;\">\n                        <div class=\"jeg_block_container\">\n                            \n                            <span class=\"jeg_postformat_icon\"><\/span>\n                            <div class=\"jeg_thumb\">\n                                <a href=\"https:\/\/noticiasdestaque.com.br\/index.php\/2026\/04\/28\/dolar-moeda-fecha-estavel-com-leve-variacao-negativa\/\" ><div class=\"thumbnail-container thumbnail-background\" data-src=\"https:\/\/noticiasdestaque.com.br\/wp-content\/uploads\/2026\/04\/DLARmoedafechaestvelcomlevevariaonegativa_0447458001777420922-350x250.jpeg\" >\n                        <div class=\"lazyloaded\" data-src=\"https:\/\/noticiasdestaque.com.br\/wp-content\/uploads\/2026\/04\/DLARmoedafechaestvelcomlevevariaonegativa_0447458001777420922-350x250.jpeg\" style=\"background-image: url(https:\/\/noticiasdestaque.com.br\/wp-content\/uploads\/2026\/04\/DLARmoedafechaestvelcomlevevariaonegativa_0447458001777420922-350x250.jpeg)\"><\/div>\n                    <\/div><\/a>\n                            <\/div>\n                            <div class=\"jeg_postblock_content\">\n                                <div class=\"jeg_post_category\"><a href=\"https:\/\/noticiasdestaque.com.br\/index.php\/category\/economia\/\" class=\"category-economia\">Economia<\/a><\/div>\n                                <div class=\"jeg_post_info\">\n                                    <h2 class=\"jeg_post_title\">\n                                        <a href=\"https:\/\/noticiasdestaque.com.br\/index.php\/2026\/04\/28\/dolar-moeda-fecha-estavel-com-leve-variacao-negativa\/\" >D\u00d3LAR: moeda fecha est\u00e1vel com leve varia\u00e7\u00e3o negativa<\/a>\n                                    <\/h2>\n                                    <div class=\"jeg_post_meta\"><div class=\"jeg_meta_date\"><a href=\"https:\/\/noticiasdestaque.com.br\/index.php\/2026\/04\/28\/dolar-moeda-fecha-estavel-com-leve-variacao-negativa\/\" ><i class=\"fa fa-clock-o\"><\/i> 28 de abril de 2026<\/a><\/div><\/div>\n                                <\/div>\n                            <\/div>\n                        <\/div>\n                    <\/article><article class=\"jeg_post jeg_hero_item_4 format-standard\" style=\"padding: 0 0 2px 2px;\">\n                        <div class=\"jeg_block_container\">\n                            \n                            <span class=\"jeg_postformat_icon\"><\/span>\n                            <div class=\"jeg_thumb\">\n                                <a href=\"https:\/\/noticiasdestaque.com.br\/index.php\/2026\/04\/28\/mega-sena-3001-hoje-28-04-resultado-e-numeros\/\" ><div class=\"thumbnail-container thumbnail-background\" data-src=\"https:\/\/noticiasdestaque.com.br\/wp-content\/uploads\/2026\/04\/Mega-Sena3001hoje2804resultadoenmeros_0973737001777428163-350x250.jpeg\" >\n                        <div class=\"lazyloaded\" data-src=\"https:\/\/noticiasdestaque.com.br\/wp-content\/uploads\/2026\/04\/Mega-Sena3001hoje2804resultadoenmeros_0973737001777428163-350x250.jpeg\" style=\"background-image: url(https:\/\/noticiasdestaque.com.br\/wp-content\/uploads\/2026\/04\/Mega-Sena3001hoje2804resultadoenmeros_0973737001777428163-350x250.jpeg)\"><\/div>\n                    <\/div><\/a>\n                            <\/div>\n                            <div class=\"jeg_postblock_content\">\n                                <div class=\"jeg_post_category\"><a href=\"https:\/\/noticiasdestaque.com.br\/index.php\/category\/mundo\/\" class=\"category-mundo\">Mundo<\/a><\/div>\n                                <div class=\"jeg_post_info\">\n                                    <h2 class=\"jeg_post_title\">\n                                        <a href=\"https:\/\/noticiasdestaque.com.br\/index.php\/2026\/04\/28\/mega-sena-3001-hoje-28-04-resultado-e-numeros\/\" >Mega-Sena 3001 hoje (28\/04): resultado e n\u00fameros!<\/a>\n                                    <\/h2>\n                                    <div class=\"jeg_post_meta\"><div class=\"jeg_meta_date\"><a href=\"https:\/\/noticiasdestaque.com.br\/index.php\/2026\/04\/28\/mega-sena-3001-hoje-28-04-resultado-e-numeros\/\" ><i class=\"fa fa-clock-o\"><\/i> 28 de abril de 2026<\/a><\/div><\/div>\n                                <\/div>\n                            <\/div>\n                        <\/div>\n                    <\/article><article class=\"jeg_post jeg_hero_item_5 format-standard\" style=\"padding: 0 0 2px 2px;\">\n                        <div class=\"jeg_block_container\">\n                            \n                            <span class=\"jeg_postformat_icon\"><\/span>\n                            <div class=\"jeg_thumb\">\n                                <a href=\"https:\/\/noticiasdestaque.com.br\/index.php\/2026\/04\/28\/resultado-da-lotofacil-3672-de-terca-feira-28-04-2026\/\" ><div class=\"thumbnail-container thumbnail-background\" data-src=\"https:\/\/noticiasdestaque.com.br\/wp-content\/uploads\/2026\/04\/Resultadodalotofcil3672detera-feira28042026_0172019001777428162-350x250.jpeg\" >\n                        <div class=\"lazyloaded\" data-src=\"https:\/\/noticiasdestaque.com.br\/wp-content\/uploads\/2026\/04\/Resultadodalotofcil3672detera-feira28042026_0172019001777428162-350x250.jpeg\" style=\"background-image: url(https:\/\/noticiasdestaque.com.br\/wp-content\/uploads\/2026\/04\/Resultadodalotofcil3672detera-feira28042026_0172019001777428162-350x250.jpeg)\"><\/div>\n                    <\/div><\/a>\n                            <\/div>\n                            <div class=\"jeg_postblock_content\">\n                                <div class=\"jeg_post_category\"><a href=\"https:\/\/noticiasdestaque.com.br\/index.php\/category\/mundo\/\" class=\"category-mundo\">Mundo<\/a><\/div>\n                                <div class=\"jeg_post_info\">\n                                    <h2 class=\"jeg_post_title\">\n                                        <a href=\"https:\/\/noticiasdestaque.com.br\/index.php\/2026\/04\/28\/resultado-da-lotofacil-3672-de-terca-feira-28-04-2026\/\" >Resultado da lotof\u00e1cil 3672 de ter\u00e7a-feira (28\/04\/2026)<\/a>\n                                    <\/h2>\n                                    <div class=\"jeg_post_meta\"><div class=\"jeg_meta_date\"><a href=\"https:\/\/noticiasdestaque.com.br\/index.php\/2026\/04\/28\/resultado-da-lotofacil-3672-de-terca-feira-28-04-2026\/\" ><i class=\"fa fa-clock-o\"><\/i> 28 de abril de 2026<\/a><\/div><\/div>\n                                <\/div>\n                            <\/div>\n                        <\/div>\n                    <\/article>\n                <\/div>\n\t            <\/div><\/div>\n            <\/div>\n            [\/vc_column][vc_column offset=&#8221;vc_hidden-xs&#8221;][vc_empty_space height=&#8221;10px&#8221;][\/vc_column][\/vc_row][vc_row vc_row_background=&#8221;&#8221;][vc_column offset=&#8221;vc_col-md-8&#8243;]<div  class=\"jeg_postblock_23 jeg_postblock jeg_module_hook jeg_pagination_nextprev jeg_col_2o3 jnews_module__2_69f1c7283e0bd  jeg_pb_boxed jeg_pb_boxed_shadow  \" data-unique=\"jnews_module__2_69f1c7283e0bd\">\n\t\t\t\t\t\n\t\t\t\t\t<div class=\"jeg_block_container\">\n                    \n                    <div class=\"jeg_posts_wrap\">\n                    <div class=\"jeg_posts jeg_load_more_flag\"> \n                        <article class=\"jeg_post jeg_pl_md_1 format-standard\">\n                    <div class=\"jeg_thumb\">\n                        \n                        <a href=\"https:\/\/noticiasdestaque.com.br\/index.php\/2026\/04\/28\/o-tempo-e-a-temperatura-quarta-feira-29-sem-chuvas-no-centro-oeste\/\"><div class=\"thumbnail-container animate-lazy  size-715 \"><img loading=\"lazy\" decoding=\"async\" width=\"350\" height=\"250\" src=\"https:\/\/noticiasdestaque.com.br\/wp-content\/themes\/jnews\/assets\/img\/jeg-empty.png\" class=\"attachment-jnews-350x250 size-jnews-350x250 lazyload wp-post-image\" alt=\"O TEMPO E A TEMPERATURA: quarta-feira (29) sem chuvas no Centro-Oeste\" title=\"O TEMPO E A TEMPERATURA: quarta-feira (29) sem chuvas no Centro-Oeste\" sizes=\"auto, (max-width: 350px) 100vw, 350px\" data-src=\"https:\/\/noticiasdestaque.com.br\/wp-content\/uploads\/2026\/04\/OTEMPOEATEMPERATURAquarta-feira29semchuvasnoCentro-Oeste_0800513001777413779-350x250.jpeg\" data-srcset=\"https:\/\/noticiasdestaque.com.br\/wp-content\/uploads\/2026\/04\/OTEMPOEATEMPERATURAquarta-feira29semchuvasnoCentro-Oeste_0800513001777413779-350x250.jpeg 350w, https:\/\/noticiasdestaque.com.br\/wp-content\/uploads\/2026\/04\/OTEMPOEATEMPERATURAquarta-feira29semchuvasnoCentro-Oeste_0800513001777413779-120x86.jpeg 120w\" data-sizes=\"auto\" data-expand=\"700\" \/><\/div><\/a>\n                        <div class=\"jeg_post_category\">\n                            <span><a href=\"https:\/\/noticiasdestaque.com.br\/index.php\/category\/cotidiano\/\" class=\"category-cotidiano\">Cotidiano<\/a><\/span>\n                        <\/div>\n                    <\/div>\n                    <div class=\"jeg_postblock_content\">\n                        <h3 class=\"jeg_post_title\">\n                            <a href=\"https:\/\/noticiasdestaque.com.br\/index.php\/2026\/04\/28\/o-tempo-e-a-temperatura-quarta-feira-29-sem-chuvas-no-centro-oeste\/\">O TEMPO E A TEMPERATURA: quarta-feira (29) sem chuvas no Centro-Oeste<\/a>\n                        <\/h3>\n                        <div class=\"jeg_post_excerpt\">\n                            <p>Entre as capitais, m\u00ednima de 16\u00baC em Bras\u00edlia. A m\u00e1xima deve...<\/p>\n                        <\/div>\n                        <div class=\"jeg_post_meta\"><div class=\"jeg_meta_author\"><span class=\"by\">por<\/span> <a href=\"https:\/\/noticiasdestaque.com.br\/index.php\/author\/admin_ndestaque\/\">Reda\u00e7\u00e3o<\/a><\/div><div class=\"jeg_meta_date\"><a href=\"https:\/\/noticiasdestaque.com.br\/index.php\/2026\/04\/28\/o-tempo-e-a-temperatura-quarta-feira-29-sem-chuvas-no-centro-oeste\/\"><i class=\"fa fa-clock-o\"><\/i> 28 de abril de 2026<\/a><\/div><\/div>\n                    <\/div>\n                <\/article><article class=\"jeg_post jeg_pl_md_1 format-standard\">\n                    <div class=\"jeg_thumb\">\n                        \n                        <a href=\"https:\/\/noticiasdestaque.com.br\/index.php\/2026\/04\/28\/o-tempo-e-a-temperatura-chuvas-continuam-em-sp-quarta-feira-29\/\"><div class=\"thumbnail-container animate-lazy  size-715 \"><img loading=\"lazy\" decoding=\"async\" width=\"350\" height=\"250\" src=\"https:\/\/noticiasdestaque.com.br\/wp-content\/themes\/jnews\/assets\/img\/jeg-empty.png\" class=\"attachment-jnews-350x250 size-jnews-350x250 lazyload wp-post-image\" alt=\"O TEMPO E A TEMPERATURA: chuvas continuam em SP quarta-feira (29)\" title=\"O TEMPO E A TEMPERATURA: chuvas continuam em SP quarta-feira (29)\" sizes=\"auto, (max-width: 350px) 100vw, 350px\" data-src=\"https:\/\/noticiasdestaque.com.br\/wp-content\/uploads\/2026\/04\/OTEMPOEATEMPERATURAchuvascontinuamemSPquarta-feira29_0495764001777413778-350x250.jpeg\" data-srcset=\"https:\/\/noticiasdestaque.com.br\/wp-content\/uploads\/2026\/04\/OTEMPOEATEMPERATURAchuvascontinuamemSPquarta-feira29_0495764001777413778-350x250.jpeg 350w, https:\/\/noticiasdestaque.com.br\/wp-content\/uploads\/2026\/04\/OTEMPOEATEMPERATURAchuvascontinuamemSPquarta-feira29_0495764001777413778-120x86.jpeg 120w\" data-sizes=\"auto\" data-expand=\"700\" \/><\/div><\/a>\n                        <div class=\"jeg_post_category\">\n                            <span><a href=\"https:\/\/noticiasdestaque.com.br\/index.php\/category\/cotidiano\/\" class=\"category-cotidiano\">Cotidiano<\/a><\/span>\n                        <\/div>\n                    <\/div>\n                    <div class=\"jeg_postblock_content\">\n                        <h3 class=\"jeg_post_title\">\n                            <a href=\"https:\/\/noticiasdestaque.com.br\/index.php\/2026\/04\/28\/o-tempo-e-a-temperatura-chuvas-continuam-em-sp-quarta-feira-29\/\">O TEMPO E A TEMPERATURA: chuvas continuam em SP quarta-feira (29)<\/a>\n                        <\/h3>\n                        <div class=\"jeg_post_excerpt\">\n                            <p>Entre as capitais, m\u00ednima de 17\u00baC em Belo Horizonte. A m\u00e1xima...<\/p>\n                        <\/div>\n                        <div class=\"jeg_post_meta\"><div class=\"jeg_meta_author\"><span class=\"by\">por<\/span> <a href=\"https:\/\/noticiasdestaque.com.br\/index.php\/author\/admin_ndestaque\/\">Reda\u00e7\u00e3o<\/a><\/div><div class=\"jeg_meta_date\"><a href=\"https:\/\/noticiasdestaque.com.br\/index.php\/2026\/04\/28\/o-tempo-e-a-temperatura-chuvas-continuam-em-sp-quarta-feira-29\/\"><i class=\"fa fa-clock-o\"><\/i> 28 de abril de 2026<\/a><\/div><\/div>\n                    <\/div>\n                <\/article><article class=\"jeg_post jeg_pl_md_1 format-standard\">\n                    <div class=\"jeg_thumb\">\n                        \n                        <a href=\"https:\/\/noticiasdestaque.com.br\/index.php\/2026\/04\/28\/o-tempo-e-a-temperatura-norte-com-chuvas-intensas-nesta-quarta-feira-29\/\"><div class=\"thumbnail-container animate-lazy  size-715 \"><img loading=\"lazy\" decoding=\"async\" width=\"350\" height=\"250\" src=\"https:\/\/noticiasdestaque.com.br\/wp-content\/themes\/jnews\/assets\/img\/jeg-empty.png\" class=\"attachment-jnews-350x250 size-jnews-350x250 lazyload wp-post-image\" alt=\"O TEMPO E A TEMPERATURA: Norte com chuvas intensas nesta quarta-feira (29)\" title=\"O TEMPO E A TEMPERATURA: Norte com chuvas intensas nesta quarta-feira (29)\" sizes=\"auto, (max-width: 350px) 100vw, 350px\" data-src=\"https:\/\/noticiasdestaque.com.br\/wp-content\/uploads\/2026\/04\/OTEMPOEATEMPERATURANortecomchuvasintensasnestaquarta-feira29_0196006001777413777-350x250.jpeg\" data-srcset=\"https:\/\/noticiasdestaque.com.br\/wp-content\/uploads\/2026\/04\/OTEMPOEATEMPERATURANortecomchuvasintensasnestaquarta-feira29_0196006001777413777-350x250.jpeg 350w, https:\/\/noticiasdestaque.com.br\/wp-content\/uploads\/2026\/04\/OTEMPOEATEMPERATURANortecomchuvasintensasnestaquarta-feira29_0196006001777413777-120x86.jpeg 120w\" data-sizes=\"auto\" data-expand=\"700\" \/><\/div><\/a>\n                        <div class=\"jeg_post_category\">\n                            <span><a href=\"https:\/\/noticiasdestaque.com.br\/index.php\/category\/cotidiano\/\" class=\"category-cotidiano\">Cotidiano<\/a><\/span>\n                        <\/div>\n                    <\/div>\n                    <div class=\"jeg_postblock_content\">\n                        <h3 class=\"jeg_post_title\">\n                            <a href=\"https:\/\/noticiasdestaque.com.br\/index.php\/2026\/04\/28\/o-tempo-e-a-temperatura-norte-com-chuvas-intensas-nesta-quarta-feira-29\/\">O TEMPO E A TEMPERATURA: Norte com chuvas intensas nesta quarta-feira (29)<\/a>\n                        <\/h3>\n                        <div class=\"jeg_post_excerpt\">\n                            <p>Entre as capitais, a temperatura m\u00ednima prevista \u00e9 de 23\u00b0C em...<\/p>\n                        <\/div>\n                        <div class=\"jeg_post_meta\"><div class=\"jeg_meta_author\"><span class=\"by\">por<\/span> <a href=\"https:\/\/noticiasdestaque.com.br\/index.php\/author\/admin_ndestaque\/\">Reda\u00e7\u00e3o<\/a><\/div><div class=\"jeg_meta_date\"><a href=\"https:\/\/noticiasdestaque.com.br\/index.php\/2026\/04\/28\/o-tempo-e-a-temperatura-norte-com-chuvas-intensas-nesta-quarta-feira-29\/\"><i class=\"fa fa-clock-o\"><\/i> 28 de abril de 2026<\/a><\/div><\/div>\n                    <\/div>\n                <\/article><article class=\"jeg_post jeg_pl_md_1 format-standard\">\n                    <div class=\"jeg_thumb\">\n                        \n                        <a href=\"https:\/\/noticiasdestaque.com.br\/index.php\/2026\/04\/28\/o-tempo-e-a-temperatura-chuvas-continuam-em-areas-do-nordeste-nesta-quarta-feira-29\/\"><div class=\"thumbnail-container animate-lazy  size-715 \"><img loading=\"lazy\" decoding=\"async\" width=\"350\" height=\"250\" src=\"https:\/\/noticiasdestaque.com.br\/wp-content\/themes\/jnews\/assets\/img\/jeg-empty.png\" class=\"attachment-jnews-350x250 size-jnews-350x250 lazyload wp-post-image\" alt=\"O TEMPO E A TEMPERATURA: chuvas continuam em \u00e1reas do Nordeste nesta quarta-feira (29)\" title=\"O TEMPO E A TEMPERATURA: chuvas continuam em \u00e1reas do Nordeste nesta quarta-feira (29)\" sizes=\"auto, (max-width: 350px) 100vw, 350px\" data-src=\"https:\/\/noticiasdestaque.com.br\/wp-content\/uploads\/2026\/04\/OTEMPOEATEMPERATURAchuvascontinuamemreasdoNordestenestaquarta-feira29_0834771001777413775-350x250.jpeg\" data-srcset=\"https:\/\/noticiasdestaque.com.br\/wp-content\/uploads\/2026\/04\/OTEMPOEATEMPERATURAchuvascontinuamemreasdoNordestenestaquarta-feira29_0834771001777413775-350x250.jpeg 350w, https:\/\/noticiasdestaque.com.br\/wp-content\/uploads\/2026\/04\/OTEMPOEATEMPERATURAchuvascontinuamemreasdoNordestenestaquarta-feira29_0834771001777413775-120x86.jpeg 120w\" data-sizes=\"auto\" data-expand=\"700\" \/><\/div><\/a>\n                        <div class=\"jeg_post_category\">\n                            <span><a href=\"https:\/\/noticiasdestaque.com.br\/index.php\/category\/cotidiano\/\" class=\"category-cotidiano\">Cotidiano<\/a><\/span>\n                        <\/div>\n                    <\/div>\n                    <div class=\"jeg_postblock_content\">\n                        <h3 class=\"jeg_post_title\">\n                            <a href=\"https:\/\/noticiasdestaque.com.br\/index.php\/2026\/04\/28\/o-tempo-e-a-temperatura-chuvas-continuam-em-areas-do-nordeste-nesta-quarta-feira-29\/\">O TEMPO E A TEMPERATURA: chuvas continuam em \u00e1reas do Nordeste nesta quarta-feira (29)<\/a>\n                        <\/h3>\n                        <div class=\"jeg_post_excerpt\">\n                            <p>Entre as capitais, a temperatura m\u00ednima prevista \u00e9 de 23\u00b0C em...<\/p>\n                        <\/div>\n                        <div class=\"jeg_post_meta\"><div class=\"jeg_meta_author\"><span class=\"by\">por<\/span> <a href=\"https:\/\/noticiasdestaque.com.br\/index.php\/author\/admin_ndestaque\/\">Reda\u00e7\u00e3o<\/a><\/div><div class=\"jeg_meta_date\"><a href=\"https:\/\/noticiasdestaque.com.br\/index.php\/2026\/04\/28\/o-tempo-e-a-temperatura-chuvas-continuam-em-areas-do-nordeste-nesta-quarta-feira-29\/\"><i class=\"fa fa-clock-o\"><\/i> 28 de abril de 2026<\/a><\/div><\/div>\n                    <\/div>\n                <\/article><article class=\"jeg_post jeg_pl_md_1 format-standard\">\n                    <div class=\"jeg_thumb\">\n                        \n                        <a href=\"https:\/\/noticiasdestaque.com.br\/index.php\/2026\/04\/28\/fundo-socioambiental-caixa-destina-r-10-milhoes-a-projetos-de-gestao-da-agua-nas-cidades\/\"><div class=\"thumbnail-container animate-lazy  size-715 \"><img loading=\"lazy\" decoding=\"async\" width=\"350\" height=\"250\" src=\"https:\/\/noticiasdestaque.com.br\/wp-content\/themes\/jnews\/assets\/img\/jeg-empty.png\" class=\"attachment-jnews-350x250 size-jnews-350x250 lazyload wp-post-image\" alt=\"Fundo Socioambiental CAIXA destina R$ 10 milh\u00f5es a projetos de gest\u00e3o da \u00e1gua nas cidades\" title=\"Fundo Socioambiental CAIXA destina R$ 10 milh\u00f5es a projetos de gest\u00e3o da \u00e1gua nas cidades\" sizes=\"auto, (max-width: 350px) 100vw, 350px\" data-src=\"https:\/\/noticiasdestaque.com.br\/wp-content\/uploads\/2026\/04\/FundoSocioambientalCAIXAdestinaR10milhesaprojetosdegestodaguanascidades_0231646001777428488-350x250.jpeg\" data-srcset=\"https:\/\/noticiasdestaque.com.br\/wp-content\/uploads\/2026\/04\/FundoSocioambientalCAIXAdestinaR10milhesaprojetosdegestodaguanascidades_0231646001777428488-350x250.jpeg 350w, https:\/\/noticiasdestaque.com.br\/wp-content\/uploads\/2026\/04\/FundoSocioambientalCAIXAdestinaR10milhesaprojetosdegestodaguanascidades_0231646001777428488-120x86.jpeg 120w\" data-sizes=\"auto\" data-expand=\"700\" \/><\/div><\/a>\n                        <div class=\"jeg_post_category\">\n                            <span><a href=\"https:\/\/noticiasdestaque.com.br\/index.php\/category\/economia\/\" class=\"category-economia\">Economia<\/a><\/span>\n                        <\/div>\n                    <\/div>\n                    <div class=\"jeg_postblock_content\">\n                        <h3 class=\"jeg_post_title\">\n                            <a href=\"https:\/\/noticiasdestaque.com.br\/index.php\/2026\/04\/28\/fundo-socioambiental-caixa-destina-r-10-milhoes-a-projetos-de-gestao-da-agua-nas-cidades\/\">Fundo Socioambiental CAIXA destina R$ 10 milh\u00f5es a projetos de gest\u00e3o da \u00e1gua nas cidades<\/a>\n                        <\/h3>\n                        <div class=\"jeg_post_excerpt\">\n                            <p>Podem participar da sele\u00e7\u00e3o as entidades privadas sem fins lucrativos e...<\/p>\n                        <\/div>\n                        <div class=\"jeg_post_meta\"><div class=\"jeg_meta_author\"><span class=\"by\">por<\/span> <a href=\"https:\/\/noticiasdestaque.com.br\/index.php\/author\/admin_ndestaque\/\">Reda\u00e7\u00e3o<\/a><\/div><div class=\"jeg_meta_date\"><a href=\"https:\/\/noticiasdestaque.com.br\/index.php\/2026\/04\/28\/fundo-socioambiental-caixa-destina-r-10-milhoes-a-projetos-de-gestao-da-agua-nas-cidades\/\"><i class=\"fa fa-clock-o\"><\/i> 28 de abril de 2026<\/a><\/div><\/div>\n                    <\/div>\n                <\/article><article class=\"jeg_post jeg_pl_md_1 format-standard\">\n                    <div class=\"jeg_thumb\">\n                        \n                        <a href=\"https:\/\/noticiasdestaque.com.br\/index.php\/2026\/04\/28\/bolsa-familia-pagamentos-comecam-nesta-terca-feira-28-2\/\"><div class=\"thumbnail-container animate-lazy  size-715 \"><img loading=\"lazy\" decoding=\"async\" width=\"350\" height=\"250\" src=\"https:\/\/noticiasdestaque.com.br\/wp-content\/themes\/jnews\/assets\/img\/jeg-empty.png\" class=\"attachment-jnews-350x250 size-jnews-350x250 lazyload wp-post-image\" alt=\"Bolsa Fam\u00edlia:  pagamentos come\u00e7am nesta ter\u00e7a-feira (28)\" title=\"Bolsa Fam\u00edlia:  pagamentos come\u00e7am nesta ter\u00e7a-feira (28)\" sizes=\"auto, (max-width: 350px) 100vw, 350px\" data-src=\"https:\/\/noticiasdestaque.com.br\/wp-content\/uploads\/2026\/04\/BolsaFamliapagamentoscomeamnestatera-feira28_0228935001777366930-350x250.jpeg\" data-srcset=\"https:\/\/noticiasdestaque.com.br\/wp-content\/uploads\/2026\/04\/BolsaFamliapagamentoscomeamnestatera-feira28_0228935001777366930-350x250.jpeg 350w, https:\/\/noticiasdestaque.com.br\/wp-content\/uploads\/2026\/04\/BolsaFamliapagamentoscomeamnestatera-feira28_0228935001777366930-120x86.jpeg 120w\" data-sizes=\"auto\" data-expand=\"700\" \/><\/div><\/a>\n                        <div class=\"jeg_post_category\">\n                            <span><a href=\"https:\/\/noticiasdestaque.com.br\/index.php\/category\/economia\/\" class=\"category-economia\">Economia<\/a><\/span>\n                        <\/div>\n                    <\/div>\n                    <div class=\"jeg_postblock_content\">\n                        <h3 class=\"jeg_post_title\">\n                            <a href=\"https:\/\/noticiasdestaque.com.br\/index.php\/2026\/04\/28\/bolsa-familia-pagamentos-comecam-nesta-terca-feira-28-2\/\">Bolsa Fam\u00edlia:  pagamentos come\u00e7am nesta ter\u00e7a-feira (28)<\/a>\n                        <\/h3>\n                        <div class=\"jeg_post_excerpt\">\n                            <p>Os pagamentos s\u00e3o realizados preferencialmente na Poupan\u00e7a CAIXA ou conta CAIXA...<\/p>\n                        <\/div>\n                        <div class=\"jeg_post_meta\"><div class=\"jeg_meta_author\"><span class=\"by\">por<\/span> <a href=\"https:\/\/noticiasdestaque.com.br\/index.php\/author\/admin_ndestaque\/\">Reda\u00e7\u00e3o<\/a><\/div><div class=\"jeg_meta_date\"><a href=\"https:\/\/noticiasdestaque.com.br\/index.php\/2026\/04\/28\/bolsa-familia-pagamentos-comecam-nesta-terca-feira-28-2\/\"><i class=\"fa fa-clock-o\"><\/i> 28 de abril de 2026<\/a><\/div><\/div>\n                    <\/div>\n                <\/article><article class=\"jeg_post jeg_pl_md_1 format-standard\">\n                    <div class=\"jeg_thumb\">\n                        \n                        <a href=\"https:\/\/noticiasdestaque.com.br\/index.php\/2026\/04\/28\/guerra-no-oriente-medio-eleva-preco-das-materias-primas-e-pressiona-industria-brasileira\/\"><div class=\"thumbnail-container animate-lazy  size-715 \"><img loading=\"lazy\" decoding=\"async\" width=\"350\" height=\"250\" src=\"https:\/\/noticiasdestaque.com.br\/wp-content\/themes\/jnews\/assets\/img\/jeg-empty.png\" class=\"attachment-jnews-350x250 size-jnews-350x250 lazyload wp-post-image\" alt=\"Guerra no Oriente M\u00e9dio eleva pre\u00e7o das mat\u00e9rias-primas e pressiona ind\u00fastria brasileira\" title=\"Guerra no Oriente M\u00e9dio eleva pre\u00e7o das mat\u00e9rias-primas e pressiona ind\u00fastria brasileira\" sizes=\"auto, (max-width: 350px) 100vw, 350px\" data-src=\"https:\/\/noticiasdestaque.com.br\/wp-content\/uploads\/2026\/04\/GuerranoOrienteMdioelevapreodasmatrias-primasepressionaindstriabrasileira_0010469001777366929-350x250.jpeg\" data-srcset=\"https:\/\/noticiasdestaque.com.br\/wp-content\/uploads\/2026\/04\/GuerranoOrienteMdioelevapreodasmatrias-primasepressionaindstriabrasileira_0010469001777366929-350x250.jpeg 350w, https:\/\/noticiasdestaque.com.br\/wp-content\/uploads\/2026\/04\/GuerranoOrienteMdioelevapreodasmatrias-primasepressionaindstriabrasileira_0010469001777366929-120x86.jpeg 120w\" data-sizes=\"auto\" data-expand=\"700\" \/><\/div><\/a>\n                        <div class=\"jeg_post_category\">\n                            <span><a href=\"https:\/\/noticiasdestaque.com.br\/index.php\/category\/economia\/\" class=\"category-economia\">Economia<\/a><\/span>\n                        <\/div>\n                    <\/div>\n                    <div class=\"jeg_postblock_content\">\n                        <h3 class=\"jeg_post_title\">\n                            <a href=\"https:\/\/noticiasdestaque.com.br\/index.php\/2026\/04\/28\/guerra-no-oriente-medio-eleva-preco-das-materias-primas-e-pressiona-industria-brasileira\/\">Guerra no Oriente M\u00e9dio eleva pre\u00e7o das mat\u00e9rias-primas e pressiona ind\u00fastria brasileira<\/a>\n                        <\/h3>\n                        <div class=\"jeg_post_excerpt\">\n                            <p>Pesquisa da CNI indica aumento de 10,8 pontos no pre\u00e7o m\u00e9dio...<\/p>\n                        <\/div>\n                        <div class=\"jeg_post_meta\"><div class=\"jeg_meta_author\"><span class=\"by\">por<\/span> <a href=\"https:\/\/noticiasdestaque.com.br\/index.php\/author\/admin_ndestaque\/\">Reda\u00e7\u00e3o<\/a><\/div><div class=\"jeg_meta_date\"><a href=\"https:\/\/noticiasdestaque.com.br\/index.php\/2026\/04\/28\/guerra-no-oriente-medio-eleva-preco-das-materias-primas-e-pressiona-industria-brasileira\/\"><i class=\"fa fa-clock-o\"><\/i> 28 de abril de 2026<\/a><\/div><\/div>\n                    <\/div>\n                <\/article><article class=\"jeg_post jeg_pl_md_1 format-standard\">\n                    <div class=\"jeg_thumb\">\n                        \n                        <a href=\"https:\/\/noticiasdestaque.com.br\/index.php\/2026\/04\/28\/pe-de-meia-pagamento-para-nascidos-em-marco-e-abril-sera-feito-nesta-terca-feira-28\/\"><div class=\"thumbnail-container animate-lazy  size-715 \"><img loading=\"lazy\" decoding=\"async\" width=\"350\" height=\"250\" src=\"https:\/\/noticiasdestaque.com.br\/wp-content\/themes\/jnews\/assets\/img\/jeg-empty.png\" class=\"attachment-jnews-350x250 size-jnews-350x250 lazyload wp-post-image\" alt=\"P\u00e9-de-Meia: pagamento para nascidos em mar\u00e7o e abril ser\u00e1 feito nesta ter\u00e7a-feira (28)\" title=\"P\u00e9-de-Meia: pagamento para nascidos em mar\u00e7o e abril ser\u00e1 feito nesta ter\u00e7a-feira (28)\" sizes=\"auto, (max-width: 350px) 100vw, 350px\" data-src=\"https:\/\/noticiasdestaque.com.br\/wp-content\/uploads\/2026\/04\/P-de-Meiapagamentoparanascidosemmaroeabrilserfeitonestatera-feira28_0654563001777366927-350x250.jpeg\" data-srcset=\"https:\/\/noticiasdestaque.com.br\/wp-content\/uploads\/2026\/04\/P-de-Meiapagamentoparanascidosemmaroeabrilserfeitonestatera-feira28_0654563001777366927-350x250.jpeg 350w, https:\/\/noticiasdestaque.com.br\/wp-content\/uploads\/2026\/04\/P-de-Meiapagamentoparanascidosemmaroeabrilserfeitonestatera-feira28_0654563001777366927-120x86.jpeg 120w\" data-sizes=\"auto\" data-expand=\"700\" \/><\/div><\/a>\n                        <div class=\"jeg_post_category\">\n                            <span><a href=\"https:\/\/noticiasdestaque.com.br\/index.php\/category\/economia\/\" class=\"category-economia\">Economia<\/a><\/span>\n                        <\/div>\n                    <\/div>\n                    <div class=\"jeg_postblock_content\">\n                        <h3 class=\"jeg_post_title\">\n                            <a href=\"https:\/\/noticiasdestaque.com.br\/index.php\/2026\/04\/28\/pe-de-meia-pagamento-para-nascidos-em-marco-e-abril-sera-feito-nesta-terca-feira-28\/\">P\u00e9-de-Meia: pagamento para nascidos em mar\u00e7o e abril ser\u00e1 feito nesta ter\u00e7a-feira (28)<\/a>\n                        <\/h3>\n                        <div class=\"jeg_post_excerpt\">\n                            <p>O incentivo ser\u00e1 creditado na conta Poupan\u00e7a CAIXA Tem e os...<\/p>\n                        <\/div>\n                        <div class=\"jeg_post_meta\"><div class=\"jeg_meta_author\"><span class=\"by\">por<\/span> <a href=\"https:\/\/noticiasdestaque.com.br\/index.php\/author\/admin_ndestaque\/\">Reda\u00e7\u00e3o<\/a><\/div><div class=\"jeg_meta_date\"><a href=\"https:\/\/noticiasdestaque.com.br\/index.php\/2026\/04\/28\/pe-de-meia-pagamento-para-nascidos-em-marco-e-abril-sera-feito-nesta-terca-feira-28\/\"><i class=\"fa fa-clock-o\"><\/i> 28 de abril de 2026<\/a><\/div><\/div>\n                    <\/div>\n                <\/article><article class=\"jeg_post jeg_pl_md_1 format-standard\">\n                    <div class=\"jeg_thumb\">\n                        \n                        <a href=\"https:\/\/noticiasdestaque.com.br\/index.php\/2026\/04\/28\/apexbrasil-lanca-jornada-para-levar-artesanato-brasileiro-ao-mercado-global\/\"><div class=\"thumbnail-container animate-lazy  size-715 \"><img loading=\"lazy\" decoding=\"async\" width=\"350\" height=\"250\" src=\"https:\/\/noticiasdestaque.com.br\/wp-content\/themes\/jnews\/assets\/img\/jeg-empty.png\" class=\"attachment-jnews-350x250 size-jnews-350x250 lazyload wp-post-image\" alt=\"ApexBrasil lan\u00e7a jornada para levar artesanato brasileiro ao mercado global\" title=\"ApexBrasil lan\u00e7a jornada para levar artesanato brasileiro ao mercado global\" sizes=\"auto, (max-width: 350px) 100vw, 350px\" data-src=\"https:\/\/noticiasdestaque.com.br\/wp-content\/uploads\/2026\/04\/ApexBrasillanajornadaparalevarartesanatobrasileiroaomercadoglobal_0172684001777370536-350x250.jpeg\" data-srcset=\"https:\/\/noticiasdestaque.com.br\/wp-content\/uploads\/2026\/04\/ApexBrasillanajornadaparalevarartesanatobrasileiroaomercadoglobal_0172684001777370536-350x250.jpeg 350w, https:\/\/noticiasdestaque.com.br\/wp-content\/uploads\/2026\/04\/ApexBrasillanajornadaparalevarartesanatobrasileiroaomercadoglobal_0172684001777370536-120x86.jpeg 120w\" data-sizes=\"auto\" data-expand=\"700\" \/><\/div><\/a>\n                        <div class=\"jeg_post_category\">\n                            <span><a href=\"https:\/\/noticiasdestaque.com.br\/index.php\/category\/mundo\/\" class=\"category-mundo\">Mundo<\/a><\/span>\n                        <\/div>\n                    <\/div>\n                    <div class=\"jeg_postblock_content\">\n                        <h3 class=\"jeg_post_title\">\n                            <a href=\"https:\/\/noticiasdestaque.com.br\/index.php\/2026\/04\/28\/apexbrasil-lanca-jornada-para-levar-artesanato-brasileiro-ao-mercado-global\/\">ApexBrasil lan\u00e7a jornada para levar artesanato brasileiro ao mercado global<\/a>\n                        <\/h3>\n                        <div class=\"jeg_post_excerpt\">\n                            <p>Programa Brasil Feito \u00e0 M\u00e3o re\u00fane mais de 200 artes\u00e3os em...<\/p>\n                        <\/div>\n                        <div class=\"jeg_post_meta\"><div class=\"jeg_meta_author\"><span class=\"by\">por<\/span> <a href=\"https:\/\/noticiasdestaque.com.br\/index.php\/author\/admin_ndestaque\/\">Reda\u00e7\u00e3o<\/a><\/div><div class=\"jeg_meta_date\"><a href=\"https:\/\/noticiasdestaque.com.br\/index.php\/2026\/04\/28\/apexbrasil-lanca-jornada-para-levar-artesanato-brasileiro-ao-mercado-global\/\"><i class=\"fa fa-clock-o\"><\/i> 28 de abril de 2026<\/a><\/div><\/div>\n                    <\/div>\n                <\/article>\n                    <\/div>\n                <\/div>\n                    <div class='module-overlay'>\n\t\t\t\t    <div class='preloader_type preloader_dot'>\n\t\t\t\t        <div class=\"module-preloader jeg_preloader dot\">\n\t\t\t\t            <span><\/span><span><\/span><span><\/span>\n\t\t\t\t        <\/div>\n\t\t\t\t        <div class=\"module-preloader jeg_preloader circle\">\n\t\t\t\t            <div class=\"jnews_preloader_circle_outer\">\n\t\t\t\t                <div class=\"jnews_preloader_circle_inner\"><\/div>\n\t\t\t\t            <\/div>\n\t\t\t\t        <\/div>\n\t\t\t\t        <div class=\"module-preloader jeg_preloader square\">\n\t\t\t\t            <div class=\"jeg_square\">\n\t\t\t\t                <div class=\"jeg_square_inner\"><\/div>\n\t\t\t\t            <\/div>\n\t\t\t\t        <\/div>\n\t\t\t\t    <\/div>\n\t\t\t\t<\/div>\n                <\/div>\n                <div class=\"jeg_block_navigation\">\n                    <div class='navigation_overlay'><div class='module-preloader jeg_preloader'><span><\/span><span><\/span><span><\/span><\/div><\/div>\n                    <div class=\"jeg_block_nav \">\n                    <a href=\"#\" class=\"prev disabled\" title=\"Anterior\"><i class=\"fa fa-angle-left\"><\/i><\/a>\n                    <a href=\"#\" class=\"next \" title=\"Pr\u00f3ximo\"><i class=\"fa fa-angle-right\"><\/i><\/a>\n                <\/div>\n                    \n                <\/div>\n\t\t\t\t\t<style scoped>.jnews_module__2_69f1c7283e0bd .jeg_block_heading_9 { border-color: #3d348b; }<\/style>\n\t\t\t\t\t<script>var jnews_module__2_69f1c7283e0bd = {\"header_icon\":\"\",\"first_title\":\"\",\"second_title\":\"\",\"url\":\"\",\"header_type\":\"heading_9\",\"header_background\":\"\",\"header_secondary_background\":\"\",\"header_text_color\":\"\",\"header_line_color\":\"#3d348b\",\"header_accent_color\":\"\",\"header_filter_category\":\"\",\"header_filter_author\":\"\",\"header_filter_tag\":\"\",\"header_filter_text\":\"All\",\"post_type\":\"post\",\"content_type\":\"all\",\"number_post\":\"9\",\"post_offset\":\"6\",\"unique_content\":\"disable\",\"include_post\":\"\",\"exclude_post\":\"\",\"include_category\":\"\",\"exclude_category\":\"\",\"include_author\":\"\",\"include_tag\":\"\",\"exclude_tag\":\"\",\"sort_by\":\"latest\",\"date_format\":\"default\",\"date_format_custom\":\"Y\\\/m\\\/d\",\"excerpt_length\":\"11\",\"excerpt_ellipsis\":\"...\",\"force_normal_image_load\":\"\",\"pagination_mode\":\"nextprev\",\"pagination_nextprev_showtext\":\"\",\"pagination_number_post\":\"3\",\"pagination_scroll_limit\":0,\"boxed\":\"true\",\"boxed_shadow\":\"true\",\"el_id\":\"\",\"el_class\":\"\",\"scheme\":\"\",\"column_width\":\"auto\",\"title_color\":\"\",\"accent_color\":\"\",\"alt_color\":\"\",\"excerpt_color\":\"\",\"css\":\"\",\"compatible_column_notice\":\"\",\"paged\":1,\"column_class\":\"jeg_col_2o3\",\"class\":\"jnews_block_23\"};<\/script>\n\t\t\t\t<\/div><div  class=\"jeg_postblock_23 jeg_postblock jeg_module_hook jeg_pagination_nextprev jeg_col_2o3 jnews_module__3_69f1c72846977  jeg_pb_boxed jeg_pb_boxed_shadow  \" data-unique=\"jnews_module__3_69f1c72846977\">\n\t\t\t\t\t<div class=\"jeg_block_heading jeg_block_heading_9 jeg_subcat_right\">\n                     <h3 class=\"jeg_block_title\"><span><i class='fas fa-globe-asia'><\/i>Mundo<\/span><\/h3>\n                     \n                 <\/div>\n\t\t\t\t\t<div class=\"jeg_block_container\">\n                    \n                    <div class=\"jeg_posts_wrap\">\n                    <div class=\"jeg_posts jeg_load_more_flag\"> \n                        <article class=\"jeg_post jeg_pl_md_1 format-standard\">\n                    <div class=\"jeg_thumb\">\n                        \n                        <a href=\"https:\/\/noticiasdestaque.com.br\/index.php\/2026\/04\/27\/resolucao-redefine-prazos-do-simples-nacional-para-o-ano-calendario-de-2027\/\"><div class=\"thumbnail-container animate-lazy  size-715 \"><img loading=\"lazy\" decoding=\"async\" width=\"350\" height=\"250\" src=\"https:\/\/noticiasdestaque.com.br\/wp-content\/themes\/jnews\/assets\/img\/jeg-empty.png\" class=\"attachment-jnews-350x250 size-jnews-350x250 lazyload wp-post-image\" alt=\"Resolu\u00e7\u00e3o redefine prazos do Simples Nacional para o ano-calend\u00e1rio de 2027\" title=\"Resolu\u00e7\u00e3o redefine prazos do Simples Nacional para o ano-calend\u00e1rio de 2027\" sizes=\"auto, (max-width: 350px) 100vw, 350px\" data-src=\"https:\/\/noticiasdestaque.com.br\/wp-content\/uploads\/2026\/04\/ResoluoredefineprazosdoSimplesNacionalparaoano-calendriode2027_0608029001777276913-350x250.jpeg\" data-srcset=\"https:\/\/noticiasdestaque.com.br\/wp-content\/uploads\/2026\/04\/ResoluoredefineprazosdoSimplesNacionalparaoano-calendriode2027_0608029001777276913-350x250.jpeg 350w, https:\/\/noticiasdestaque.com.br\/wp-content\/uploads\/2026\/04\/ResoluoredefineprazosdoSimplesNacionalparaoano-calendriode2027_0608029001777276913-120x86.jpeg 120w\" data-sizes=\"auto\" data-expand=\"700\" \/><\/div><\/a>\n                        <div class=\"jeg_post_category\">\n                            <span><a href=\"https:\/\/noticiasdestaque.com.br\/index.php\/category\/mundo\/\" class=\"category-mundo\">Mundo<\/a><\/span>\n                        <\/div>\n                    <\/div>\n                    <div class=\"jeg_postblock_content\">\n                        <h3 class=\"jeg_post_title\">\n                            <a href=\"https:\/\/noticiasdestaque.com.br\/index.php\/2026\/04\/27\/resolucao-redefine-prazos-do-simples-nacional-para-o-ano-calendario-de-2027\/\">Resolu\u00e7\u00e3o redefine prazos do Simples Nacional para o ano-calend\u00e1rio de 2027<\/a>\n                        <\/h3>\n                        <div class=\"jeg_post_excerpt\">\n                            <p>Mudan\u00e7as acompanham a implementa\u00e7\u00e3o gradual do IBS e da CBS e...<\/p>\n                        <\/div>\n                        <div class=\"jeg_post_meta\"><div class=\"jeg_meta_author\"><span class=\"by\">por<\/span> <a href=\"https:\/\/noticiasdestaque.com.br\/index.php\/author\/admin_ndestaque\/\">Reda\u00e7\u00e3o<\/a><\/div><div class=\"jeg_meta_date\"><a href=\"https:\/\/noticiasdestaque.com.br\/index.php\/2026\/04\/27\/resolucao-redefine-prazos-do-simples-nacional-para-o-ano-calendario-de-2027\/\"><i class=\"fa fa-clock-o\"><\/i> 27 de abril de 2026<\/a><\/div><\/div>\n                    <\/div>\n                <\/article><article class=\"jeg_post jeg_pl_md_1 format-standard\">\n                    <div class=\"jeg_thumb\">\n                        \n                        <a href=\"https:\/\/noticiasdestaque.com.br\/index.php\/2026\/04\/26\/tv-digital-59-municipios-em-16-estados-vao-receber-sinal-da-rede-publica-e-legislativa\/\"><div class=\"thumbnail-container animate-lazy  size-715 \"><img loading=\"lazy\" decoding=\"async\" width=\"350\" height=\"250\" src=\"https:\/\/noticiasdestaque.com.br\/wp-content\/themes\/jnews\/assets\/img\/jeg-empty.png\" class=\"attachment-jnews-350x250 size-jnews-350x250 lazyload wp-post-image\" alt=\"TV Digital: 59 munic\u00edpios em 16 estados v\u00e3o receber sinal da Rede P\u00fablica e Legislativa\" title=\"TV Digital: 59 munic\u00edpios em 16 estados v\u00e3o receber sinal da Rede P\u00fablica e Legislativa\" sizes=\"auto, (max-width: 350px) 100vw, 350px\" data-src=\"https:\/\/noticiasdestaque.com.br\/wp-content\/uploads\/2026\/04\/TVDigital59municpiosem16estadosvorecebersinaldaRedePblicaeLegislativa_0859363001777342035-350x250.jpeg\" data-srcset=\"https:\/\/noticiasdestaque.com.br\/wp-content\/uploads\/2026\/04\/TVDigital59municpiosem16estadosvorecebersinaldaRedePblicaeLegislativa_0859363001777342035-350x250.jpeg 350w, https:\/\/noticiasdestaque.com.br\/wp-content\/uploads\/2026\/04\/TVDigital59municpiosem16estadosvorecebersinaldaRedePblicaeLegislativa_0859363001777342035-120x86.jpeg 120w\" data-sizes=\"auto\" data-expand=\"700\" \/><\/div><\/a>\n                        <div class=\"jeg_post_category\">\n                            <span><a href=\"https:\/\/noticiasdestaque.com.br\/index.php\/category\/mundo\/\" class=\"category-mundo\">Mundo<\/a><\/span>\n                        <\/div>\n                    <\/div>\n                    <div class=\"jeg_postblock_content\">\n                        <h3 class=\"jeg_post_title\">\n                            <a href=\"https:\/\/noticiasdestaque.com.br\/index.php\/2026\/04\/26\/tv-digital-59-municipios-em-16-estados-vao-receber-sinal-da-rede-publica-e-legislativa\/\">TV Digital: 59 munic\u00edpios em 16 estados v\u00e3o receber sinal da Rede P\u00fablica e Legislativa<\/a>\n                        <\/h3>\n                        <div class=\"jeg_post_excerpt\">\n                            <p>Programa Brasil Digital, do Minist\u00e9rio das Comunica\u00e7\u00f5es, amplia oferta de TV...<\/p>\n                        <\/div>\n                        <div class=\"jeg_post_meta\"><div class=\"jeg_meta_author\"><span class=\"by\">por<\/span> <a href=\"https:\/\/noticiasdestaque.com.br\/index.php\/author\/admin_ndestaque\/\">Reda\u00e7\u00e3o<\/a><\/div><div class=\"jeg_meta_date\"><a href=\"https:\/\/noticiasdestaque.com.br\/index.php\/2026\/04\/26\/tv-digital-59-municipios-em-16-estados-vao-receber-sinal-da-rede-publica-e-legislativa\/\"><i class=\"fa fa-clock-o\"><\/i> 27 de abril de 2026<\/a><\/div><\/div>\n                    <\/div>\n                <\/article><article class=\"jeg_post jeg_pl_md_1 format-standard\">\n                    <div class=\"jeg_thumb\">\n                        \n                        <a href=\"https:\/\/noticiasdestaque.com.br\/index.php\/2026\/04\/25\/resultado-da-lotofacil-3670-de-sabado-24-04-2026\/\"><div class=\"thumbnail-container animate-lazy  size-715 \"><img loading=\"lazy\" decoding=\"async\" width=\"350\" height=\"250\" src=\"https:\/\/noticiasdestaque.com.br\/wp-content\/themes\/jnews\/assets\/img\/jeg-empty.png\" class=\"attachment-jnews-350x250 size-jnews-350x250 lazyload wp-post-image\" alt=\"Resultado da lotof\u00e1cil 3670 de s\u00e1bado (25\/04\/2026)\" title=\"Resultado da lotof\u00e1cil 3670 de s\u00e1bado (25\/04\/2026)\" sizes=\"auto, (max-width: 350px) 100vw, 350px\" data-src=\"https:\/\/noticiasdestaque.com.br\/wp-content\/uploads\/2026\/04\/Resultadodalotofcil3670desbado25042026_0547029001777171174-350x250.jpeg\" data-srcset=\"https:\/\/noticiasdestaque.com.br\/wp-content\/uploads\/2026\/04\/Resultadodalotofcil3670desbado25042026_0547029001777171174-350x250.jpeg 350w, https:\/\/noticiasdestaque.com.br\/wp-content\/uploads\/2026\/04\/Resultadodalotofcil3670desbado25042026_0547029001777171174-120x86.jpeg 120w\" data-sizes=\"auto\" data-expand=\"700\" \/><\/div><\/a>\n                        <div class=\"jeg_post_category\">\n                            <span><a href=\"https:\/\/noticiasdestaque.com.br\/index.php\/category\/mundo\/\" class=\"category-mundo\">Mundo<\/a><\/span>\n                        <\/div>\n                    <\/div>\n                    <div class=\"jeg_postblock_content\">\n                        <h3 class=\"jeg_post_title\">\n                            <a href=\"https:\/\/noticiasdestaque.com.br\/index.php\/2026\/04\/25\/resultado-da-lotofacil-3670-de-sabado-24-04-2026\/\">Resultado da lotof\u00e1cil 3670 de s\u00e1bado (25\/04\/2026)<\/a>\n                        <\/h3>\n                        <div class=\"jeg_post_excerpt\">\n                            <p>O sorteio da Lotof\u00e1cil 3670 ocorre na noite deste s\u00e1bado (25),...<\/p>\n                        <\/div>\n                        <div class=\"jeg_post_meta\"><div class=\"jeg_meta_author\"><span class=\"by\">por<\/span> <a href=\"https:\/\/noticiasdestaque.com.br\/index.php\/author\/admin_ndestaque\/\">Reda\u00e7\u00e3o<\/a><\/div><div class=\"jeg_meta_date\"><a href=\"https:\/\/noticiasdestaque.com.br\/index.php\/2026\/04\/25\/resultado-da-lotofacil-3670-de-sabado-24-04-2026\/\"><i class=\"fa fa-clock-o\"><\/i> 25 de abril de 2026<\/a><\/div><\/div>\n                    <\/div>\n                <\/article>\n                    <\/div>\n                <\/div>\n                    <div class='module-overlay'>\n\t\t\t\t    <div class='preloader_type preloader_dot'>\n\t\t\t\t        <div class=\"module-preloader jeg_preloader dot\">\n\t\t\t\t            <span><\/span><span><\/span><span><\/span>\n\t\t\t\t        <\/div>\n\t\t\t\t        <div class=\"module-preloader jeg_preloader circle\">\n\t\t\t\t            <div class=\"jnews_preloader_circle_outer\">\n\t\t\t\t                <div class=\"jnews_preloader_circle_inner\"><\/div>\n\t\t\t\t            <\/div>\n\t\t\t\t        <\/div>\n\t\t\t\t        <div class=\"module-preloader jeg_preloader square\">\n\t\t\t\t            <div class=\"jeg_square\">\n\t\t\t\t                <div class=\"jeg_square_inner\"><\/div>\n\t\t\t\t            <\/div>\n\t\t\t\t        <\/div>\n\t\t\t\t    <\/div>\n\t\t\t\t<\/div>\n                <\/div>\n                <div class=\"jeg_block_navigation\">\n                    <div class='navigation_overlay'><div class='module-preloader jeg_preloader'><span><\/span><span><\/span><span><\/span><\/div><\/div>\n                    <div class=\"jeg_block_nav \">\n                    <a href=\"#\" class=\"prev disabled\" title=\"Anterior\"><i class=\"fa fa-angle-left\"><\/i><\/a>\n                    <a href=\"#\" class=\"next \" title=\"Pr\u00f3ximo\"><i class=\"fa fa-angle-right\"><\/i><\/a>\n                <\/div>\n                    \n                <\/div>\n\t\t\t\t\t<style scoped>.jnews_module__3_69f1c72846977 .jeg_block_heading_9 { border-color: #3d348b; }<\/style>\n\t\t\t\t\t<script>var jnews_module__3_69f1c72846977 = {\"header_icon\":\"fas fa-globe-asia\",\"first_title\":\"Mundo\",\"second_title\":\"\",\"url\":\"\",\"header_type\":\"heading_9\",\"header_background\":\"\",\"header_secondary_background\":\"\",\"header_text_color\":\"\",\"header_line_color\":\"#3d348b\",\"header_accent_color\":\"\",\"header_filter_category\":\"\",\"header_filter_author\":\"\",\"header_filter_tag\":\"\",\"header_filter_text\":\"All\",\"post_type\":\"post\",\"content_type\":\"all\",\"number_post\":\"3\",\"post_offset\":\"6\",\"unique_content\":\"disable\",\"include_post\":\"\",\"exclude_post\":\"\",\"include_category\":\"48\",\"exclude_category\":\"\",\"include_author\":\"\",\"include_tag\":\"\",\"exclude_tag\":\"\",\"sort_by\":\"latest\",\"date_format\":\"default\",\"date_format_custom\":\"Y\\\/m\\\/d\",\"excerpt_length\":\"11\",\"excerpt_ellipsis\":\"...\",\"force_normal_image_load\":\"\",\"pagination_mode\":\"nextprev\",\"pagination_nextprev_showtext\":\"\",\"pagination_number_post\":\"3\",\"pagination_scroll_limit\":0,\"boxed\":\"true\",\"boxed_shadow\":\"true\",\"el_id\":\"\",\"el_class\":\"\",\"scheme\":\"\",\"column_width\":\"auto\",\"title_color\":\"\",\"accent_color\":\"\",\"alt_color\":\"\",\"excerpt_color\":\"\",\"css\":\"\",\"compatible_column_notice\":\"\",\"paged\":1,\"column_class\":\"jeg_col_2o3\",\"class\":\"jnews_block_23\"};<\/script>\n\t\t\t\t<\/div><div  class=\"jeg_postblock_1 jeg_postblock jeg_module_hook jeg_pagination_nextprev jeg_col_2o3 jnews_module__4_69f1c7284c8e0  jeg_pb_boxed jeg_pb_boxed_shadow  \" data-unique=\"jnews_module__4_69f1c7284c8e0\">\n\t\t\t\t\t<div class=\"jeg_block_heading jeg_block_heading_9 jeg_subcat_right\">\n                     <h3 class=\"jeg_block_title\"><span>Editor Picks<\/span><\/h3>\n                     \n                 <\/div>\n\t\t\t\t\t<div class=\"jeg_block_container jeg_load_more_flag\">\n\t\t\t\t\t\n\t\t\t\t\t<div class=\"jeg_posts row\">\n\t\t\t\t\t<article class=\"jeg_post jeg_pl_lg_1 col-sm-6 format-standard\">\n\t\t\t\t\t\t<div class=\"jeg_thumb\">\n\t\t\t\t\t\n\t\t\t\t\t<a href=\"https:\/\/noticiasdestaque.com.br\/index.php\/2026\/04\/28\/estudo-do-cgee-aponta-futuro-no-brasil-ate-2040\/\"><div class=\"thumbnail-container animate-lazy  size-500 \"><img loading=\"lazy\" decoding=\"async\" width=\"360\" height=\"180\" src=\"https:\/\/noticiasdestaque.com.br\/wp-content\/themes\/jnews\/assets\/img\/jeg-empty.png\" class=\"attachment-jnews-360x180 size-jnews-360x180 lazyload wp-post-image\" alt=\"Estudo do CGEE aponta futuro no Brasil at\u00e9 2040\" title=\"Estudo do CGEE aponta futuro no Brasil at\u00e9 2040\" data-src=\"https:\/\/noticiasdestaque.com.br\/wp-content\/uploads\/2026\/04\/EstudodoCGEEapontafuturonoBrasilat2040_0128669001777366937-360x180.jpeg\" data-srcset=\"\" data-sizes=\"auto\" data-expand=\"700\" \/><\/div><\/a>\n\t\t\t\t\t<div class=\"jeg_post_category\">\n\t\t\t\t\t\t<span><a href=\"https:\/\/noticiasdestaque.com.br\/index.php\/category\/economia\/\" class=\"category-economia\">Economia<\/a><\/span>\n\t\t\t\t\t<\/div>\n\t\t\t\t<\/div>\n\t\t\t\t<div class=\"jeg_postblock_content\">\n\t\t\t\t\t<h3 property=\"headline\" class=\"jeg_post_title\">\n\t\t\t\t\t\t<a href=\"https:\/\/noticiasdestaque.com.br\/index.php\/2026\/04\/28\/estudo-do-cgee-aponta-futuro-no-brasil-ate-2040\/\">Estudo do CGEE aponta futuro no Brasil at\u00e9 2040<\/a>\n\t\t\t\t\t<\/h3>\n\t\t\t\t\t<div class=\"jeg_post_meta\"><div class=\"jeg_meta_author\"><span class=\"by\">por<\/span> <a href=\"https:\/\/noticiasdestaque.com.br\/index.php\/author\/admin_ndestaque\/\">Reda\u00e7\u00e3o<\/a><\/div><div class=\"jeg_meta_date\"><a href=\"https:\/\/noticiasdestaque.com.br\/index.php\/2026\/04\/28\/estudo-do-cgee-aponta-futuro-no-brasil-ate-2040\/\"><i class=\"fa fa-clock-o\"><\/i> 28 de abril de 2026<\/a><\/div><div class=\"jeg_meta_comment\"><a href=\"https:\/\/noticiasdestaque.com.br\/index.php\/2026\/04\/28\/estudo-do-cgee-aponta-futuro-no-brasil-ate-2040\/#comments\" ><i class=\"fa fa-comment-o\"><\/i> 0 <\/a><\/div><\/div>\n\t\t\t\t\t<div class=\"jeg_post_excerpt\">\n\t\t\t\t\t\t<p>Mais de uma d\u00e9cada depois, terras raras voltam \u00e0 agenda p\u00fablica diante da reconfigura\u00e7\u00e3o geopol\u00edtica e da transi\u00e7\u00e3o energ\u00e9tica global.<\/p>\n\t\t\t\t\t\t<a href=\"https:\/\/noticiasdestaque.com.br\/index.php\/2026\/04\/28\/estudo-do-cgee-aponta-futuro-no-brasil-ate-2040\/\" class=\"jeg_readmore\">Leia mais<\/a>\n\t\t\t\t\t<\/div>\n\t\t\t\t<\/div>\n\t\t\t\t\t<\/article>\n\t\t\t\t\t<div class=\"jeg_postsmall col-sm-6\">\n\t\t\t\t\t\t<article class=\"jeg_post jeg_pl_sm format-standard\">\n\t\t\t\t\t<div class=\"jeg_thumb\">\n\t\t\t\t\t\t\n\t\t\t\t\t\t<a href=\"https:\/\/noticiasdestaque.com.br\/index.php\/2026\/04\/28\/eleicoes-2026-lula-tem-empate-tecnico-com-flavio-zema-e-caiado-no-2o-turno-aponta-nexus\/\">\n\t\t\t\t\t\t\t<div class=\"thumbnail-container animate-lazy  size-715 \"><img loading=\"lazy\" decoding=\"async\" width=\"120\" height=\"86\" src=\"https:\/\/noticiasdestaque.com.br\/wp-content\/themes\/jnews\/assets\/img\/jeg-empty.png\" class=\"attachment-jnews-120x86 size-jnews-120x86 lazyload wp-post-image\" alt=\"Elei\u00e7\u00f5es 2026: Lula tem empate t\u00e9cnico com Fl\u00e1vio, Zema e Caiado no 2\u00ba turno, aponta Nexus\" title=\"Elei\u00e7\u00f5es 2026: Lula tem empate t\u00e9cnico com Fl\u00e1vio, Zema e Caiado no 2\u00ba turno, aponta Nexus\" sizes=\"auto, (max-width: 120px) 100vw, 120px\" data-src=\"https:\/\/noticiasdestaque.com.br\/wp-content\/uploads\/2026\/04\/Eleies2026LulatemempatetcnicocomFlvioZemaeCaiadono2turnoapontaNexus_0167742001777363339-120x86.jpeg\" data-srcset=\"https:\/\/noticiasdestaque.com.br\/wp-content\/uploads\/2026\/04\/Eleies2026LulatemempatetcnicocomFlvioZemaeCaiadono2turnoapontaNexus_0167742001777363339-120x86.jpeg 120w, https:\/\/noticiasdestaque.com.br\/wp-content\/uploads\/2026\/04\/Eleies2026LulatemempatetcnicocomFlvioZemaeCaiadono2turnoapontaNexus_0167742001777363339-350x250.jpeg 350w\" data-sizes=\"auto\" data-expand=\"700\" \/><\/div>\n\t\t\t\t\t\t<\/a>\n\t\t\t\t\t<\/div>\n\t\t\t\t\t<div class=\"jeg_postblock_content\">\n\t\t\t\t\t\t<h3 class=\"jeg_post_title\">\n\t\t\t\t\t\t\t<a href=\"https:\/\/noticiasdestaque.com.br\/index.php\/2026\/04\/28\/eleicoes-2026-lula-tem-empate-tecnico-com-flavio-zema-e-caiado-no-2o-turno-aponta-nexus\/\">Elei\u00e7\u00f5es 2026: Lula tem empate t\u00e9cnico com Fl\u00e1vio, Zema e Caiado no 2\u00ba turno, aponta Nexus<\/a>\n\t\t\t\t\t\t<\/h3>\n\t\t\t\t\t\t<div class=\"jeg_post_meta\"><div class=\"jeg_meta_date\"><a href=\"https:\/\/noticiasdestaque.com.br\/index.php\/2026\/04\/28\/eleicoes-2026-lula-tem-empate-tecnico-com-flavio-zema-e-caiado-no-2o-turno-aponta-nexus\/\" ><i class=\"fa fa-clock-o\"><\/i> 28 de abril de 2026<\/a><\/div><\/div>\n\t\t\t\t\t<\/div>\n\t\t\t\t<\/article><article class=\"jeg_post jeg_pl_sm format-standard\">\n\t\t\t\t\t<div class=\"jeg_thumb\">\n\t\t\t\t\t\t\n\t\t\t\t\t\t<a href=\"https:\/\/noticiasdestaque.com.br\/index.php\/2026\/04\/27\/dolar-fecha-ultimo-pregao-em-baixa-cotado-a-r-498\/\">\n\t\t\t\t\t\t\t<div class=\"thumbnail-container animate-lazy  size-715 \"><img loading=\"lazy\" decoding=\"async\" width=\"120\" height=\"86\" src=\"https:\/\/noticiasdestaque.com.br\/wp-content\/themes\/jnews\/assets\/img\/jeg-empty.png\" class=\"attachment-jnews-120x86 size-jnews-120x86 lazyload wp-post-image\" alt=\"D\u00f3lar fecha \u00faltimo preg\u00e3o em baixa, cotado a R$ 4,98\" title=\"D\u00f3lar fecha \u00faltimo preg\u00e3o em baixa, cotado a R$ 4,98\" sizes=\"auto, (max-width: 120px) 100vw, 120px\" data-src=\"https:\/\/noticiasdestaque.com.br\/wp-content\/uploads\/2026\/04\/DlarfechaltimopregoembaixacotadoaR498_0833610001777338106-120x86.jpeg\" data-srcset=\"https:\/\/noticiasdestaque.com.br\/wp-content\/uploads\/2026\/04\/DlarfechaltimopregoembaixacotadoaR498_0833610001777338106-120x86.jpeg 120w, https:\/\/noticiasdestaque.com.br\/wp-content\/uploads\/2026\/04\/DlarfechaltimopregoembaixacotadoaR498_0833610001777338106-350x250.jpeg 350w\" data-sizes=\"auto\" data-expand=\"700\" \/><\/div>\n\t\t\t\t\t\t<\/a>\n\t\t\t\t\t<\/div>\n\t\t\t\t\t<div class=\"jeg_postblock_content\">\n\t\t\t\t\t\t<h3 class=\"jeg_post_title\">\n\t\t\t\t\t\t\t<a href=\"https:\/\/noticiasdestaque.com.br\/index.php\/2026\/04\/27\/dolar-fecha-ultimo-pregao-em-baixa-cotado-a-r-498\/\">D\u00f3lar fecha \u00faltimo preg\u00e3o em baixa, cotado a R$ 4,98<\/a>\n\t\t\t\t\t\t<\/h3>\n\t\t\t\t\t\t<div class=\"jeg_post_meta\"><div class=\"jeg_meta_date\"><a href=\"https:\/\/noticiasdestaque.com.br\/index.php\/2026\/04\/27\/dolar-fecha-ultimo-pregao-em-baixa-cotado-a-r-498\/\" ><i class=\"fa fa-clock-o\"><\/i> 27 de abril de 2026<\/a><\/div><\/div>\n\t\t\t\t\t<\/div>\n\t\t\t\t<\/article><article class=\"jeg_post jeg_pl_sm format-standard\">\n\t\t\t\t\t<div class=\"jeg_thumb\">\n\t\t\t\t\t\t\n\t\t\t\t\t\t<a href=\"https:\/\/noticiasdestaque.com.br\/index.php\/2026\/04\/27\/resultado-da-lotofacil-3671-de-segunda-feira-27-04-2026\/\">\n\t\t\t\t\t\t\t<div class=\"thumbnail-container animate-lazy  size-715 \"><img loading=\"lazy\" decoding=\"async\" width=\"120\" height=\"86\" src=\"https:\/\/noticiasdestaque.com.br\/wp-content\/themes\/jnews\/assets\/img\/jeg-empty.png\" class=\"attachment-jnews-120x86 size-jnews-120x86 lazyload wp-post-image\" alt=\"Resultado da lotof\u00e1cil 3671 de segunda-feira (27\/04\/2026)\" title=\"Resultado da lotof\u00e1cil 3671 de segunda-feira (27\/04\/2026)\" sizes=\"auto, (max-width: 120px) 100vw, 120px\" data-src=\"https:\/\/noticiasdestaque.com.br\/wp-content\/uploads\/2026\/04\/Resultadodalotofcil3671desegunda-feira27042026_0802627001777341705-120x86.jpeg\" data-srcset=\"https:\/\/noticiasdestaque.com.br\/wp-content\/uploads\/2026\/04\/Resultadodalotofcil3671desegunda-feira27042026_0802627001777341705-120x86.jpeg 120w, https:\/\/noticiasdestaque.com.br\/wp-content\/uploads\/2026\/04\/Resultadodalotofcil3671desegunda-feira27042026_0802627001777341705-350x250.jpeg 350w\" data-sizes=\"auto\" data-expand=\"700\" \/><\/div>\n\t\t\t\t\t\t<\/a>\n\t\t\t\t\t<\/div>\n\t\t\t\t\t<div class=\"jeg_postblock_content\">\n\t\t\t\t\t\t<h3 class=\"jeg_post_title\">\n\t\t\t\t\t\t\t<a href=\"https:\/\/noticiasdestaque.com.br\/index.php\/2026\/04\/27\/resultado-da-lotofacil-3671-de-segunda-feira-27-04-2026\/\">Resultado da lotof\u00e1cil 3671 de segunda-feira (27\/04\/2026)<\/a>\n\t\t\t\t\t\t<\/h3>\n\t\t\t\t\t\t<div class=\"jeg_post_meta\"><div class=\"jeg_meta_date\"><a href=\"https:\/\/noticiasdestaque.com.br\/index.php\/2026\/04\/27\/resultado-da-lotofacil-3671-de-segunda-feira-27-04-2026\/\" ><i class=\"fa fa-clock-o\"><\/i> 27 de abril de 2026<\/a><\/div><\/div>\n\t\t\t\t\t<\/div>\n\t\t\t\t<\/article><article class=\"jeg_post jeg_pl_sm format-standard\">\n\t\t\t\t\t<div class=\"jeg_thumb\">\n\t\t\t\t\t\t\n\t\t\t\t\t\t<a href=\"https:\/\/noticiasdestaque.com.br\/index.php\/2026\/04\/27\/o-tempo-e-a-temperatura-frente-fria-mantem-chuva-no-parana-e-geada-no-rio-grande-do-sul-nesta-terca-feira-28\/\">\n\t\t\t\t\t\t\t<div class=\"thumbnail-container animate-lazy  size-715 \"><img loading=\"lazy\" decoding=\"async\" width=\"120\" height=\"86\" src=\"https:\/\/noticiasdestaque.com.br\/wp-content\/themes\/jnews\/assets\/img\/jeg-empty.png\" class=\"attachment-jnews-120x86 size-jnews-120x86 lazyload wp-post-image\" alt=\"O TEMPO E A TEMPERATURA: Frente fria mant\u00e9m chuva no Paran\u00e1 e geada no Rio Grande do Sul nesta ter\u00e7a-feira (28)\" title=\"O TEMPO E A TEMPERATURA: Frente fria mant\u00e9m chuva no Paran\u00e1 e geada no Rio Grande do Sul nesta ter\u00e7a-feira (28)\" sizes=\"auto, (max-width: 120px) 100vw, 120px\" data-src=\"https:\/\/noticiasdestaque.com.br\/wp-content\/uploads\/2026\/04\/OTEMPOEATEMPERATURAFrentefriamantmchuvanoParanegeadanoRioGrandedoSulnestatera-feira28_0364410001777334545-120x86.jpeg\" data-srcset=\"https:\/\/noticiasdestaque.com.br\/wp-content\/uploads\/2026\/04\/OTEMPOEATEMPERATURAFrentefriamantmchuvanoParanegeadanoRioGrandedoSulnestatera-feira28_0364410001777334545-120x86.jpeg 120w, https:\/\/noticiasdestaque.com.br\/wp-content\/uploads\/2026\/04\/OTEMPOEATEMPERATURAFrentefriamantmchuvanoParanegeadanoRioGrandedoSulnestatera-feira28_0364410001777334545-350x250.jpeg 350w\" data-sizes=\"auto\" data-expand=\"700\" \/><\/div>\n\t\t\t\t\t\t<\/a>\n\t\t\t\t\t<\/div>\n\t\t\t\t\t<div class=\"jeg_postblock_content\">\n\t\t\t\t\t\t<h3 class=\"jeg_post_title\">\n\t\t\t\t\t\t\t<a href=\"https:\/\/noticiasdestaque.com.br\/index.php\/2026\/04\/27\/o-tempo-e-a-temperatura-frente-fria-mantem-chuva-no-parana-e-geada-no-rio-grande-do-sul-nesta-terca-feira-28\/\">O TEMPO E A TEMPERATURA: Frente fria mant\u00e9m chuva no Paran\u00e1 e geada no Rio Grande do Sul nesta ter\u00e7a-feira (28)<\/a>\n\t\t\t\t\t\t<\/h3>\n\t\t\t\t\t\t<div class=\"jeg_post_meta\"><div class=\"jeg_meta_date\"><a href=\"https:\/\/noticiasdestaque.com.br\/index.php\/2026\/04\/27\/o-tempo-e-a-temperatura-frente-fria-mantem-chuva-no-parana-e-geada-no-rio-grande-do-sul-nesta-terca-feira-28\/\" ><i class=\"fa fa-clock-o\"><\/i> 27 de abril de 2026<\/a><\/div><\/div>\n\t\t\t\t\t<\/div>\n\t\t\t\t<\/article>\n\t\t\t\t\t<\/div>\n\t\t\t\t<\/div>\n\t\t\t\t\t<div class='module-overlay'>\n\t\t\t\t    <div class='preloader_type preloader_dot'>\n\t\t\t\t        <div class=\"module-preloader jeg_preloader dot\">\n\t\t\t\t            <span><\/span><span><\/span><span><\/span>\n\t\t\t\t        <\/div>\n\t\t\t\t        <div class=\"module-preloader jeg_preloader circle\">\n\t\t\t\t            <div class=\"jnews_preloader_circle_outer\">\n\t\t\t\t                <div class=\"jnews_preloader_circle_inner\"><\/div>\n\t\t\t\t            <\/div>\n\t\t\t\t        <\/div>\n\t\t\t\t        <div class=\"module-preloader jeg_preloader square\">\n\t\t\t\t            <div class=\"jeg_square\">\n\t\t\t\t                <div class=\"jeg_square_inner\"><\/div>\n\t\t\t\t            <\/div>\n\t\t\t\t        <\/div>\n\t\t\t\t    <\/div>\n\t\t\t\t<\/div>\n\t\t\t\t<\/div>\n\t\t\t\t<div class=\"jeg_block_navigation\">\n\t\t\t\t\t<div class='navigation_overlay'><div class='module-preloader jeg_preloader'><span><\/span><span><\/span><span><\/span><\/div><\/div>\n\t\t\t\t\t<div class=\"jeg_block_nav \">\n                    <a href=\"#\" class=\"prev disabled\" title=\"Anterior\"><i class=\"fa fa-angle-left\"><\/i><\/a>\n                    <a href=\"#\" class=\"next \" title=\"Pr\u00f3ximo\"><i class=\"fa fa-angle-right\"><\/i><\/a>\n                <\/div>\n\t\t\t\t\t\n\t\t\t\t<\/div>\n\t\t\t\t\t<style scoped>.jnews_module__4_69f1c7284c8e0 .jeg_block_heading_9 { border-color: #3d348b; }<\/style>\n\t\t\t\t\t<script>var jnews_module__4_69f1c7284c8e0 = {\"header_icon\":\"\",\"first_title\":\"Editor Picks\",\"second_title\":\"\",\"url\":\"\",\"header_type\":\"heading_9\",\"header_background\":\"\",\"header_secondary_background\":\"\",\"header_text_color\":\"\",\"header_line_color\":\"#3d348b\",\"header_accent_color\":\"\",\"header_filter_category\":\"\",\"header_filter_author\":\"\",\"header_filter_tag\":\"\",\"header_filter_text\":\"All\",\"post_type\":\"post\",\"content_type\":\"all\",\"number_post\":\"5\",\"post_offset\":\"15\",\"unique_content\":\"disable\",\"include_post\":\"\",\"exclude_post\":\"\",\"include_category\":\"\",\"exclude_category\":\"\",\"include_author\":\"\",\"include_tag\":\"\",\"exclude_tag\":\"\",\"sort_by\":\"latest\",\"date_format\":\"default\",\"date_format_custom\":\"Y\\\/m\\\/d\",\"excerpt_length\":\"20\",\"excerpt_ellipsis\":\"...\",\"force_normal_image_load\":\"\",\"pagination_mode\":\"nextprev\",\"pagination_nextprev_showtext\":\"\",\"pagination_number_post\":\"5\",\"pagination_scroll_limit\":0,\"boxed\":\"true\",\"boxed_shadow\":\"true\",\"el_id\":\"\",\"el_class\":\"\",\"scheme\":\"\",\"column_width\":\"8\",\"title_color\":\"\",\"accent_color\":\"\",\"alt_color\":\"\",\"excerpt_color\":\"\",\"css\":\"\",\"compatible_column_notice\":\"\",\"paged\":1,\"column_class\":\"jeg_col_2o3\",\"class\":\"jnews_block_1\"};<\/script>\n\t\t\t\t<\/div><div  class=\"jeg_postblock_2 jeg_postblock jeg_module_hook jeg_pagination_nextprev jeg_col_2o3 jnews_module__5_69f1c7285395e  jeg_pb_boxed jeg_pb_boxed_shadow  \" data-unique=\"jnews_module__5_69f1c7285395e\">\n\t\t\t\t\t<div class=\"jeg_block_heading jeg_block_heading_9 jeg_subcat_right\">\n                     <h3 class=\"jeg_block_title\"><span><i class='fab fa-napster'><\/i>Entretenimento<\/span><\/h3>\n                     \n                 <\/div>\n\t\t\t\t\t<div class=\"jeg_block_container\">\n                    \n                    <article class=\"jeg_post jeg_pl_lg_2 format-standard\">\n                        <div class=\"jeg_thumb\">\n                    \n                    <a href=\"https:\/\/noticiasdestaque.com.br\/index.php\/2024\/11\/22\/caio-estreia-o-novo-single-nos-meus-olhos-de-agora\/\"><div class=\"thumbnail-container animate-lazy  size-715 \"><img loading=\"lazy\" decoding=\"async\" width=\"350\" height=\"250\" src=\"https:\/\/noticiasdestaque.com.br\/wp-content\/themes\/jnews\/assets\/img\/jeg-empty.png\" class=\"attachment-jnews-350x250 size-jnews-350x250 lazyload wp-post-image\" alt=\"CAIO estreia o novo single \u201cNos Meus Olhos de Agora\u201d\" title=\"CAIO estreia o novo single \u201cNos Meus Olhos de Agora\u201d\" sizes=\"auto, (max-width: 350px) 100vw, 350px\" data-src=\"https:\/\/noticiasdestaque.com.br\/wp-content\/uploads\/2024\/11\/Creditos_-Nicolli-Visconti1-350x250.png\" data-srcset=\"https:\/\/noticiasdestaque.com.br\/wp-content\/uploads\/2024\/11\/Creditos_-Nicolli-Visconti1-350x250.png 350w, https:\/\/noticiasdestaque.com.br\/wp-content\/uploads\/2024\/11\/Creditos_-Nicolli-Visconti1-120x86.png 120w\" data-sizes=\"auto\" data-expand=\"700\" \/><\/div><\/a>\n                    <div class=\"jeg_post_category\">\n                        <span><a href=\"https:\/\/noticiasdestaque.com.br\/index.php\/category\/entretenimento\/\" class=\"category-entretenimento\">Entretenimento<\/a><\/span>\n                    <\/div>\n                <\/div>\n                <div class=\"jeg_postblock_content\">\n                    <h3 class=\"jeg_post_title\">\n                        <a href=\"https:\/\/noticiasdestaque.com.br\/index.php\/2024\/11\/22\/caio-estreia-o-novo-single-nos-meus-olhos-de-agora\/\">CAIO estreia o novo single \u201cNos Meus Olhos de Agora\u201d<\/a>\n                    <\/h3>\n                    <div class=\"jeg_post_meta\"><div class=\"jeg_meta_author\"><span class=\"by\">por<\/span> <a href=\"https:\/\/noticiasdestaque.com.br\/index.php\/author\/admin_ndestaque\/\">Reda\u00e7\u00e3o<\/a><\/div><div class=\"jeg_meta_date\"><a href=\"https:\/\/noticiasdestaque.com.br\/index.php\/2024\/11\/22\/caio-estreia-o-novo-single-nos-meus-olhos-de-agora\/\"><i class=\"fa fa-clock-o\"><\/i> 22 de novembro de 2024<\/a><\/div><div class=\"jeg_meta_comment\"><a href=\"https:\/\/noticiasdestaque.com.br\/index.php\/2024\/11\/22\/caio-estreia-o-novo-single-nos-meus-olhos-de-agora\/#comments\" ><i class=\"fa fa-comment-o\"><\/i> 0 <\/a><\/div><\/div>\n                    <div class=\"jeg_post_excerpt\">\n                        <p>Revelando sentimentos pessoais, o cantor independente&nbsp;CAIO&nbsp;lan\u00e7a seu segundo single de trabalho \u201cNos Meus Olhos de Agora\u201d, que j\u00e1 est\u00e1...<\/p>\n                        <a href=\"https:\/\/noticiasdestaque.com.br\/index.php\/2024\/11\/22\/caio-estreia-o-novo-single-nos-meus-olhos-de-agora\/\" class=\"jeg_readmore\">Leia mais<\/a>\n                    <\/div>\n                <\/div>\n                    <\/article>\n                    <div class=\"jeg_posts_wrap jeg_load_more_flag\">\n                        <article class=\"jeg_post jeg_pl_sm format-standard\">\n                    <div class=\"jeg_thumb\">\n                        \n                        <a href=\"https:\/\/noticiasdestaque.com.br\/index.php\/2024\/11\/22\/floribella-chiquititas-quase-anjos-rebelde-festa-obsesion-apresenta-edicao-com-a-nostalgia-de-sucessos-da-cris-morena\/\">\n                            <div class=\"thumbnail-container animate-lazy  size-715 \"><img loading=\"lazy\" decoding=\"async\" width=\"120\" height=\"86\" src=\"https:\/\/noticiasdestaque.com.br\/wp-content\/themes\/jnews\/assets\/img\/jeg-empty.png\" class=\"attachment-jnews-120x86 size-jnews-120x86 lazyload wp-post-image\" alt=\"Floribella, Chiquititas, Quase Anjos, Rebelde: Festa Obsesi\u00f3n apresenta edi\u00e7\u00e3o com a nostalgia de sucessos da Cris Morena\u00a0\" title=\"Floribella, Chiquititas, Quase Anjos, Rebelde: Festa Obsesi\u00f3n apresenta edi\u00e7\u00e3o com a nostalgia de sucessos da Cris Morena\u00a0\" sizes=\"auto, (max-width: 120px) 100vw, 120px\" data-src=\"https:\/\/noticiasdestaque.com.br\/wp-content\/uploads\/2024\/11\/floribella-120x86.png\" data-srcset=\"https:\/\/noticiasdestaque.com.br\/wp-content\/uploads\/2024\/11\/floribella-120x86.png 120w, https:\/\/noticiasdestaque.com.br\/wp-content\/uploads\/2024\/11\/floribella-350x250.png 350w\" data-sizes=\"auto\" data-expand=\"700\" \/><\/div>\n                        <\/a>\n                    <\/div>\n                    <div class=\"jeg_postblock_content\">\n                        <h3 class=\"jeg_post_title\">\n                            <a href=\"https:\/\/noticiasdestaque.com.br\/index.php\/2024\/11\/22\/floribella-chiquititas-quase-anjos-rebelde-festa-obsesion-apresenta-edicao-com-a-nostalgia-de-sucessos-da-cris-morena\/\">Floribella, Chiquititas, Quase Anjos, Rebelde: Festa Obsesi\u00f3n apresenta edi\u00e7\u00e3o com a nostalgia de sucessos da Cris Morena\u00a0<\/a>\n                        <\/h3>\n                        <div class=\"jeg_post_meta\"><div class=\"jeg_meta_date\"><a href=\"https:\/\/noticiasdestaque.com.br\/index.php\/2024\/11\/22\/floribella-chiquititas-quase-anjos-rebelde-festa-obsesion-apresenta-edicao-com-a-nostalgia-de-sucessos-da-cris-morena\/\" ><i class=\"fa fa-clock-o\"><\/i> 22 de novembro de 2024<\/a><\/div><\/div>\n                    <\/div>\n                <\/article><article class=\"jeg_post jeg_pl_sm format-standard\">\n                    <div class=\"jeg_thumb\">\n                        \n                        <a href=\"https:\/\/noticiasdestaque.com.br\/index.php\/2024\/11\/21\/ketlen-silva-invade-a-mansao-locked-e-revela-todos-os-bastidores\/\">\n                            <div class=\"thumbnail-container animate-lazy  size-715 \"><img loading=\"lazy\" decoding=\"async\" width=\"120\" height=\"86\" src=\"https:\/\/noticiasdestaque.com.br\/wp-content\/themes\/jnews\/assets\/img\/jeg-empty.png\" class=\"attachment-jnews-120x86 size-jnews-120x86 lazyload wp-post-image\" alt=\"Ketlen Silva invade a Mans\u00e3o Locked e revela todos os bastidores\" title=\"Ketlen Silva invade a Mans\u00e3o Locked e revela todos os bastidores\" sizes=\"auto, (max-width: 120px) 100vw, 120px\" data-src=\"https:\/\/noticiasdestaque.com.br\/wp-content\/uploads\/2024\/11\/IMG-20241121-WA0179-120x86.jpg\" data-srcset=\"https:\/\/noticiasdestaque.com.br\/wp-content\/uploads\/2024\/11\/IMG-20241121-WA0179-120x86.jpg 120w, https:\/\/noticiasdestaque.com.br\/wp-content\/uploads\/2024\/11\/IMG-20241121-WA0179-350x250.jpg 350w, https:\/\/noticiasdestaque.com.br\/wp-content\/uploads\/2024\/11\/IMG-20241121-WA0179-750x536.jpg 750w, https:\/\/noticiasdestaque.com.br\/wp-content\/uploads\/2024\/11\/IMG-20241121-WA0179-1140x815.jpg 1140w\" data-sizes=\"auto\" data-expand=\"700\" \/><\/div>\n                        <\/a>\n                    <\/div>\n                    <div class=\"jeg_postblock_content\">\n                        <h3 class=\"jeg_post_title\">\n                            <a href=\"https:\/\/noticiasdestaque.com.br\/index.php\/2024\/11\/21\/ketlen-silva-invade-a-mansao-locked-e-revela-todos-os-bastidores\/\">Ketlen Silva invade a Mans\u00e3o Locked e revela todos os bastidores<\/a>\n                        <\/h3>\n                        <div class=\"jeg_post_meta\"><div class=\"jeg_meta_date\"><a href=\"https:\/\/noticiasdestaque.com.br\/index.php\/2024\/11\/21\/ketlen-silva-invade-a-mansao-locked-e-revela-todos-os-bastidores\/\" ><i class=\"fa fa-clock-o\"><\/i> 21 de novembro de 2024<\/a><\/div><\/div>\n                    <\/div>\n                <\/article>\n                    <\/div>\n                    <div class='module-overlay'>\n\t\t\t\t    <div class='preloader_type preloader_dot'>\n\t\t\t\t        <div class=\"module-preloader jeg_preloader dot\">\n\t\t\t\t            <span><\/span><span><\/span><span><\/span>\n\t\t\t\t        <\/div>\n\t\t\t\t        <div class=\"module-preloader jeg_preloader circle\">\n\t\t\t\t            <div class=\"jnews_preloader_circle_outer\">\n\t\t\t\t                <div class=\"jnews_preloader_circle_inner\"><\/div>\n\t\t\t\t            <\/div>\n\t\t\t\t        <\/div>\n\t\t\t\t        <div class=\"module-preloader jeg_preloader square\">\n\t\t\t\t            <div class=\"jeg_square\">\n\t\t\t\t                <div class=\"jeg_square_inner\"><\/div>\n\t\t\t\t            <\/div>\n\t\t\t\t        <\/div>\n\t\t\t\t    <\/div>\n\t\t\t\t<\/div>\n                <\/div>\n                <div class=\"jeg_block_navigation\">\n                    <div class='navigation_overlay'><div class='module-preloader jeg_preloader'><span><\/span><span><\/span><span><\/span><\/div><\/div>\n                    <div class=\"jeg_block_nav \">\n                    <a href=\"#\" class=\"prev disabled\" title=\"Anterior\"><i class=\"fa fa-angle-left\"><\/i><\/a>\n                    <a href=\"#\" class=\"next \" title=\"Pr\u00f3ximo\"><i class=\"fa fa-angle-right\"><\/i><\/a>\n                <\/div>\n                    \n                <\/div>\n\t\t\t\t\t<style scoped>.jnews_module__5_69f1c7285395e .jeg_block_heading_9 { border-color: #3d348b; }<\/style>\n\t\t\t\t\t<script>var jnews_module__5_69f1c7285395e = {\"header_icon\":\"fab fa-napster\",\"first_title\":\"Entretenimento\",\"second_title\":\"\",\"url\":\"\",\"header_type\":\"heading_9\",\"header_background\":\"\",\"header_secondary_background\":\"\",\"header_text_color\":\"\",\"header_line_color\":\"#3d348b\",\"header_accent_color\":\"\",\"header_filter_category\":\"\",\"header_filter_author\":\"\",\"header_filter_tag\":\"\",\"header_filter_text\":\"All\",\"post_type\":\"post\",\"content_type\":\"all\",\"number_post\":\"3\",\"post_offset\":\"0\",\"unique_content\":\"disable\",\"include_post\":\"\",\"exclude_post\":\"\",\"include_category\":\"52\",\"exclude_category\":\"\",\"include_author\":\"\",\"include_tag\":\"\",\"exclude_tag\":\"\",\"sort_by\":\"latest\",\"date_format\":\"default\",\"date_format_custom\":\"Y\\\/m\\\/d\",\"excerpt_length\":\"19\",\"excerpt_ellipsis\":\"...\",\"force_normal_image_load\":\"\",\"pagination_mode\":\"nextprev\",\"pagination_nextprev_showtext\":\"\",\"pagination_number_post\":\"5\",\"pagination_scroll_limit\":0,\"boxed\":\"true\",\"boxed_shadow\":\"true\",\"el_id\":\"\",\"el_class\":\"\",\"scheme\":\"\",\"column_width\":\"8\",\"title_color\":\"\",\"accent_color\":\"\",\"alt_color\":\"\",\"excerpt_color\":\"\",\"css\":\"\",\"compatible_column_notice\":\"\",\"paged\":1,\"column_class\":\"jeg_col_2o3\",\"class\":\"jnews_block_2\"};<\/script>\n\t\t\t\t<\/div>[\/vc_column][vc_column width=&#8221;1\/3&#8243; sticky_sidebar=&#8221;yes&#8221; set_as_sidebar=&#8221;yes&#8221; offset=&#8221;vc_hidden-sm vc_hidden-xs&#8221;][vc_raw_html]JTNDZGl2JTIwaWQlM0QlMjJleHRlcm5vLWJveC1ib3glMjIlM0UlM0MlMkZkaXYlM0UlMEElM0NzY3JpcHQlM0UlMEElMDlqUXVlcnklMjhkb2N1bWVudCUyOS5yZWFkeSUyOGZ1bmN0aW9uJTI4JTI5JTdCJTIwalF1ZXJ5JTI4JTI3JTIzZXh0ZXJuby1ib3gtYm94JTI3JTI5LmxvYWQlMjglMjdodHRwcyUzQSUyRiUyRnRvcHZpcHMuY29tLmJyJTJGd3AtYWRtaW4lMkZhZG1pbi1hamF4LnBocCUzRmFjdGlvbiUzRGFhLXNlcnZlci1zZWxlY3QlMjZwJTNEZXh0ZXJuby1ib3glMjBkaXYlM0FmaXJzdCUyNyUyOS5pbm5lckhUTUwlM0IlMjAlN0QlMjklM0IlMEElM0MlMkZzY3JpcHQlM0U=[\/vc_raw_html][vc_raw_html]JTNDZGl2JTIwaWQlM0QlMjJleHRlcm5vLWJveC1ib3glMjIlM0UlM0MlMkZkaXYlM0UlMEElM0NzY3JpcHQlM0UlMEElMDlqUXVlcnklMjhkb2N1bWVudCUyOS5yZWFkeSUyOGZ1bmN0aW9uJTI4JTI5JTdCJTIwalF1ZXJ5JTI4JTI3JTIzZXh0ZXJuby1ib3gtYm94JTI3JTI5LmxvYWQlMjglMjdodHRwcyUzQSUyRiUyRnRvcHZpcHMuY29tLmJyJTJGd3AtYWRtaW4lMkZhZG1pbi1hamF4LnBocCUzRmFjdGlvbiUzRGFhLXNlcnZlci1zZWxlY3QlMjZwJTNEZXh0ZXJuby1ib3glMjBkaXYlM0FmaXJzdCUyNyUyOS5pbm5lckhUTUwlM0IlMjAlN0QlMjklM0IlMEElM0MlMkZzY3JpcHQlM0U=[\/vc_raw_html][\/vc_column][\/vc_row][vc_row][vc_column][vc_raw_html]JTNDZGl2JTIwaWQlM0QlMjJleHRlcm5vLWZ1bGwtYm94JTIyJTNFJTNDJTJGZGl2JTNFJTBBJTNDc2NyaXB0JTNFJTBBJTA5alF1ZXJ5JTI4ZG9jdW1lbnQlMjkucmVhZHklMjhmdW5jdGlvbiUyOCUyOSU3QiUyMGpRdWVyeSUyOCUyNyUyM2V4dGVybm8tZnVsbC1ib3glMjclMjkubG9hZCUyOCUyN2h0dHBzJTNBJTJGJTJGdG9wdmlwcy5jb20uYnIlMkZ3cC1hZG1pbiUyRmFkbWluLWFqYXgucGhwJTNGYWN0aW9uJTNEYWEtc2VydmVyLXNlbGVjdCUyNnAlM0RleHRlcm5vLWZ1bGwlMjBkaXYlM0FmaXJzdCUyNyUyOS5pbm5lckhUTUwlM0IlMjAlN0QlMjklM0IlMEElM0MlMkZzY3JpcHQlM0UlMEE=[\/vc_raw_html]<div  class=\"jeg_postblock_23 jeg_postblock jeg_module_hook jeg_pagination_loadmore jeg_col_2o3 jnews_module__6_69f1c728565dc  jeg_pb_boxed jeg_pb_boxed_shadow  \" data-unique=\"jnews_module__6_69f1c728565dc\">\n\t\t\t\t\t\n\t\t\t\t\t<div class=\"jeg_block_container\">\n                    \n                    <div class=\"jeg_posts_wrap\">\n                    <div class=\"jeg_posts jeg_load_more_flag\"> \n                        <article class=\"jeg_post jeg_pl_md_1 format-standard\">\n                    <div class=\"jeg_thumb\">\n                        \n                        <a href=\"https:\/\/noticiasdestaque.com.br\/index.php\/2026\/04\/28\/estudo-do-cgee-aponta-futuro-no-brasil-ate-2040\/\"><div class=\"thumbnail-container animate-lazy  size-715 \"><img loading=\"lazy\" decoding=\"async\" width=\"350\" height=\"250\" src=\"https:\/\/noticiasdestaque.com.br\/wp-content\/themes\/jnews\/assets\/img\/jeg-empty.png\" class=\"attachment-jnews-350x250 size-jnews-350x250 lazyload wp-post-image\" alt=\"Estudo do CGEE aponta futuro no Brasil at\u00e9 2040\" title=\"Estudo do CGEE aponta futuro no Brasil at\u00e9 2040\" sizes=\"auto, (max-width: 350px) 100vw, 350px\" data-src=\"https:\/\/noticiasdestaque.com.br\/wp-content\/uploads\/2026\/04\/EstudodoCGEEapontafuturonoBrasilat2040_0128669001777366937-350x250.jpeg\" data-srcset=\"https:\/\/noticiasdestaque.com.br\/wp-content\/uploads\/2026\/04\/EstudodoCGEEapontafuturonoBrasilat2040_0128669001777366937-350x250.jpeg 350w, https:\/\/noticiasdestaque.com.br\/wp-content\/uploads\/2026\/04\/EstudodoCGEEapontafuturonoBrasilat2040_0128669001777366937-120x86.jpeg 120w\" data-sizes=\"auto\" data-expand=\"700\" \/><\/div><\/a>\n                        <div class=\"jeg_post_category\">\n                            <span><a href=\"https:\/\/noticiasdestaque.com.br\/index.php\/category\/economia\/\" class=\"category-economia\">Economia<\/a><\/span>\n                        <\/div>\n                    <\/div>\n                    <div class=\"jeg_postblock_content\">\n                        <h3 class=\"jeg_post_title\">\n                            <a href=\"https:\/\/noticiasdestaque.com.br\/index.php\/2026\/04\/28\/estudo-do-cgee-aponta-futuro-no-brasil-ate-2040\/\">Estudo do CGEE aponta futuro no Brasil at\u00e9 2040<\/a>\n                        <\/h3>\n                        <div class=\"jeg_post_excerpt\">\n                            <p>Mais de uma d\u00e9cada depois, terras raras voltam \u00e0 agenda p\u00fablica diante da reconfigura\u00e7\u00e3o geopol\u00edtica e da transi\u00e7\u00e3o energ\u00e9tica global.<\/p>\n                        <\/div>\n                        <div class=\"jeg_post_meta\"><div class=\"jeg_meta_author\"><span class=\"by\">por<\/span> <a href=\"https:\/\/noticiasdestaque.com.br\/index.php\/author\/admin_ndestaque\/\">Reda\u00e7\u00e3o<\/a><\/div><div class=\"jeg_meta_date\"><a href=\"https:\/\/noticiasdestaque.com.br\/index.php\/2026\/04\/28\/estudo-do-cgee-aponta-futuro-no-brasil-ate-2040\/\"><i class=\"fa fa-clock-o\"><\/i> 28 de abril de 2026<\/a><\/div><\/div>\n                    <\/div>\n                <\/article><article class=\"jeg_post jeg_pl_md_1 format-standard\">\n                    <div class=\"jeg_thumb\">\n                        \n                        <a href=\"https:\/\/noticiasdestaque.com.br\/index.php\/2026\/04\/28\/eleicoes-2026-lula-tem-empate-tecnico-com-flavio-zema-e-caiado-no-2o-turno-aponta-nexus\/\"><div class=\"thumbnail-container animate-lazy  size-715 \"><img loading=\"lazy\" decoding=\"async\" width=\"350\" height=\"250\" src=\"https:\/\/noticiasdestaque.com.br\/wp-content\/themes\/jnews\/assets\/img\/jeg-empty.png\" class=\"attachment-jnews-350x250 size-jnews-350x250 lazyload wp-post-image\" alt=\"Elei\u00e7\u00f5es 2026: Lula tem empate t\u00e9cnico com Fl\u00e1vio, Zema e Caiado no 2\u00ba turno, aponta Nexus\" title=\"Elei\u00e7\u00f5es 2026: Lula tem empate t\u00e9cnico com Fl\u00e1vio, Zema e Caiado no 2\u00ba turno, aponta Nexus\" sizes=\"auto, (max-width: 350px) 100vw, 350px\" data-src=\"https:\/\/noticiasdestaque.com.br\/wp-content\/uploads\/2026\/04\/Eleies2026LulatemempatetcnicocomFlvioZemaeCaiadono2turnoapontaNexus_0167742001777363339-350x250.jpeg\" data-srcset=\"https:\/\/noticiasdestaque.com.br\/wp-content\/uploads\/2026\/04\/Eleies2026LulatemempatetcnicocomFlvioZemaeCaiadono2turnoapontaNexus_0167742001777363339-350x250.jpeg 350w, https:\/\/noticiasdestaque.com.br\/wp-content\/uploads\/2026\/04\/Eleies2026LulatemempatetcnicocomFlvioZemaeCaiadono2turnoapontaNexus_0167742001777363339-120x86.jpeg 120w\" data-sizes=\"auto\" data-expand=\"700\" \/><\/div><\/a>\n                        <div class=\"jeg_post_category\">\n                            <span><a href=\"https:\/\/noticiasdestaque.com.br\/index.php\/category\/mundo\/politica\/\" class=\"category-politica\">Pol\u00edtica<\/a><\/span>\n                        <\/div>\n                    <\/div>\n                    <div class=\"jeg_postblock_content\">\n                        <h3 class=\"jeg_post_title\">\n                            <a href=\"https:\/\/noticiasdestaque.com.br\/index.php\/2026\/04\/28\/eleicoes-2026-lula-tem-empate-tecnico-com-flavio-zema-e-caiado-no-2o-turno-aponta-nexus\/\">Elei\u00e7\u00f5es 2026: Lula tem empate t\u00e9cnico com Fl\u00e1vio, Zema e Caiado no 2\u00ba turno, aponta Nexus<\/a>\n                        <\/h3>\n                        <div class=\"jeg_post_excerpt\">\n                            <p>Levantamento tamb\u00e9m indica rejei\u00e7\u00e3o igual entre Lula e Fl\u00e1vio e avan\u00e7o discreto na aprova\u00e7\u00e3o do atual governo<\/p>\n                        <\/div>\n                        <div class=\"jeg_post_meta\"><div class=\"jeg_meta_author\"><span class=\"by\">por<\/span> <a href=\"https:\/\/noticiasdestaque.com.br\/index.php\/author\/admin_ndestaque\/\">Reda\u00e7\u00e3o<\/a><\/div><div class=\"jeg_meta_date\"><a href=\"https:\/\/noticiasdestaque.com.br\/index.php\/2026\/04\/28\/eleicoes-2026-lula-tem-empate-tecnico-com-flavio-zema-e-caiado-no-2o-turno-aponta-nexus\/\"><i class=\"fa fa-clock-o\"><\/i> 28 de abril de 2026<\/a><\/div><\/div>\n                    <\/div>\n                <\/article><article class=\"jeg_post jeg_pl_md_1 format-standard\">\n                    <div class=\"jeg_thumb\">\n                        \n                        <a href=\"https:\/\/noticiasdestaque.com.br\/index.php\/2026\/04\/27\/dolar-fecha-ultimo-pregao-em-baixa-cotado-a-r-498\/\"><div class=\"thumbnail-container animate-lazy  size-715 \"><img loading=\"lazy\" decoding=\"async\" width=\"350\" height=\"250\" src=\"https:\/\/noticiasdestaque.com.br\/wp-content\/themes\/jnews\/assets\/img\/jeg-empty.png\" class=\"attachment-jnews-350x250 size-jnews-350x250 lazyload wp-post-image\" alt=\"D\u00f3lar fecha \u00faltimo preg\u00e3o em baixa, cotado a R$ 4,98\" title=\"D\u00f3lar fecha \u00faltimo preg\u00e3o em baixa, cotado a R$ 4,98\" sizes=\"auto, (max-width: 350px) 100vw, 350px\" data-src=\"https:\/\/noticiasdestaque.com.br\/wp-content\/uploads\/2026\/04\/DlarfechaltimopregoembaixacotadoaR498_0833610001777338106-350x250.jpeg\" data-srcset=\"https:\/\/noticiasdestaque.com.br\/wp-content\/uploads\/2026\/04\/DlarfechaltimopregoembaixacotadoaR498_0833610001777338106-350x250.jpeg 350w, https:\/\/noticiasdestaque.com.br\/wp-content\/uploads\/2026\/04\/DlarfechaltimopregoembaixacotadoaR498_0833610001777338106-120x86.jpeg 120w\" data-sizes=\"auto\" data-expand=\"700\" \/><\/div><\/a>\n                        <div class=\"jeg_post_category\">\n                            <span><a href=\"https:\/\/noticiasdestaque.com.br\/index.php\/category\/economia\/\" class=\"category-economia\">Economia<\/a><\/span>\n                        <\/div>\n                    <\/div>\n                    <div class=\"jeg_postblock_content\">\n                        <h3 class=\"jeg_post_title\">\n                            <a href=\"https:\/\/noticiasdestaque.com.br\/index.php\/2026\/04\/27\/dolar-fecha-ultimo-pregao-em-baixa-cotado-a-r-498\/\">D\u00f3lar fecha \u00faltimo preg\u00e3o em baixa, cotado a R$ 4,98<\/a>\n                        <\/h3>\n                        <div class=\"jeg_post_excerpt\">\n                            <p>O euro, por sua vez, encerrou o preg\u00e3o cotado em torno de R$ 5,86<\/p>\n                        <\/div>\n                        <div class=\"jeg_post_meta\"><div class=\"jeg_meta_author\"><span class=\"by\">por<\/span> <a href=\"https:\/\/noticiasdestaque.com.br\/index.php\/author\/admin_ndestaque\/\">Reda\u00e7\u00e3o<\/a><\/div><div class=\"jeg_meta_date\"><a href=\"https:\/\/noticiasdestaque.com.br\/index.php\/2026\/04\/27\/dolar-fecha-ultimo-pregao-em-baixa-cotado-a-r-498\/\"><i class=\"fa fa-clock-o\"><\/i> 27 de abril de 2026<\/a><\/div><\/div>\n                    <\/div>\n                <\/article><article class=\"jeg_post jeg_pl_md_1 format-standard\">\n                    <div class=\"jeg_thumb\">\n                        \n                        <a href=\"https:\/\/noticiasdestaque.com.br\/index.php\/2026\/04\/27\/resultado-da-lotofacil-3671-de-segunda-feira-27-04-2026\/\"><div class=\"thumbnail-container animate-lazy  size-715 \"><img loading=\"lazy\" decoding=\"async\" width=\"350\" height=\"250\" src=\"https:\/\/noticiasdestaque.com.br\/wp-content\/themes\/jnews\/assets\/img\/jeg-empty.png\" class=\"attachment-jnews-350x250 size-jnews-350x250 lazyload wp-post-image\" alt=\"Resultado da lotof\u00e1cil 3671 de segunda-feira (27\/04\/2026)\" title=\"Resultado da lotof\u00e1cil 3671 de segunda-feira (27\/04\/2026)\" sizes=\"auto, (max-width: 350px) 100vw, 350px\" data-src=\"https:\/\/noticiasdestaque.com.br\/wp-content\/uploads\/2026\/04\/Resultadodalotofcil3671desegunda-feira27042026_0802627001777341705-350x250.jpeg\" data-srcset=\"https:\/\/noticiasdestaque.com.br\/wp-content\/uploads\/2026\/04\/Resultadodalotofcil3671desegunda-feira27042026_0802627001777341705-350x250.jpeg 350w, https:\/\/noticiasdestaque.com.br\/wp-content\/uploads\/2026\/04\/Resultadodalotofcil3671desegunda-feira27042026_0802627001777341705-120x86.jpeg 120w\" data-sizes=\"auto\" data-expand=\"700\" \/><\/div><\/a>\n                        <div class=\"jeg_post_category\">\n                            <span><a href=\"https:\/\/noticiasdestaque.com.br\/index.php\/category\/mundo\/\" class=\"category-mundo\">Mundo<\/a><\/span>\n                        <\/div>\n                    <\/div>\n                    <div class=\"jeg_postblock_content\">\n                        <h3 class=\"jeg_post_title\">\n                            <a href=\"https:\/\/noticiasdestaque.com.br\/index.php\/2026\/04\/27\/resultado-da-lotofacil-3671-de-segunda-feira-27-04-2026\/\">Resultado da lotof\u00e1cil 3671 de segunda-feira (27\/04\/2026)<\/a>\n                        <\/h3>\n                        <div class=\"jeg_post_excerpt\">\n                            <p>O sorteio da Lotof\u00e1cil 3671 ocorre na noite desta segunda-feira (27), no ESPA\u00c7O DA SORTE em\u00a0S\u00e3o\u00a0Paulo\u00a0(SP)<\/p>\n                        <\/div>\n                        <div class=\"jeg_post_meta\"><div class=\"jeg_meta_author\"><span class=\"by\">por<\/span> <a href=\"https:\/\/noticiasdestaque.com.br\/index.php\/author\/admin_ndestaque\/\">Reda\u00e7\u00e3o<\/a><\/div><div class=\"jeg_meta_date\"><a href=\"https:\/\/noticiasdestaque.com.br\/index.php\/2026\/04\/27\/resultado-da-lotofacil-3671-de-segunda-feira-27-04-2026\/\"><i class=\"fa fa-clock-o\"><\/i> 27 de abril de 2026<\/a><\/div><\/div>\n                    <\/div>\n                <\/article><article class=\"jeg_post jeg_pl_md_1 format-standard\">\n                    <div class=\"jeg_thumb\">\n                        \n                        <a href=\"https:\/\/noticiasdestaque.com.br\/index.php\/2026\/04\/27\/o-tempo-e-a-temperatura-frente-fria-mantem-chuva-no-parana-e-geada-no-rio-grande-do-sul-nesta-terca-feira-28\/\"><div class=\"thumbnail-container animate-lazy  size-715 \"><img loading=\"lazy\" decoding=\"async\" width=\"350\" height=\"250\" src=\"https:\/\/noticiasdestaque.com.br\/wp-content\/themes\/jnews\/assets\/img\/jeg-empty.png\" class=\"attachment-jnews-350x250 size-jnews-350x250 lazyload wp-post-image\" alt=\"O TEMPO E A TEMPERATURA: Frente fria mant\u00e9m chuva no Paran\u00e1 e geada no Rio Grande do Sul nesta ter\u00e7a-feira (28)\" title=\"O TEMPO E A TEMPERATURA: Frente fria mant\u00e9m chuva no Paran\u00e1 e geada no Rio Grande do Sul nesta ter\u00e7a-feira (28)\" sizes=\"auto, (max-width: 350px) 100vw, 350px\" data-src=\"https:\/\/noticiasdestaque.com.br\/wp-content\/uploads\/2026\/04\/OTEMPOEATEMPERATURAFrentefriamantmchuvanoParanegeadanoRioGrandedoSulnestatera-feira28_0364410001777334545-350x250.jpeg\" data-srcset=\"https:\/\/noticiasdestaque.com.br\/wp-content\/uploads\/2026\/04\/OTEMPOEATEMPERATURAFrentefriamantmchuvanoParanegeadanoRioGrandedoSulnestatera-feira28_0364410001777334545-350x250.jpeg 350w, https:\/\/noticiasdestaque.com.br\/wp-content\/uploads\/2026\/04\/OTEMPOEATEMPERATURAFrentefriamantmchuvanoParanegeadanoRioGrandedoSulnestatera-feira28_0364410001777334545-120x86.jpeg 120w\" data-sizes=\"auto\" data-expand=\"700\" \/><\/div><\/a>\n                        <div class=\"jeg_post_category\">\n                            <span><a href=\"https:\/\/noticiasdestaque.com.br\/index.php\/category\/cotidiano\/\" class=\"category-cotidiano\">Cotidiano<\/a><\/span>\n                        <\/div>\n                    <\/div>\n                    <div class=\"jeg_postblock_content\">\n                        <h3 class=\"jeg_post_title\">\n                            <a href=\"https:\/\/noticiasdestaque.com.br\/index.php\/2026\/04\/27\/o-tempo-e-a-temperatura-frente-fria-mantem-chuva-no-parana-e-geada-no-rio-grande-do-sul-nesta-terca-feira-28\/\">O TEMPO E A TEMPERATURA: Frente fria mant\u00e9m chuva no Paran\u00e1 e geada no Rio Grande do Sul nesta ter\u00e7a-feira (28)<\/a>\n                        <\/h3>\n                        <div class=\"jeg_post_excerpt\">\n                            <p>Em Santa Catarina, o c\u00e9u varia entre poucas e muitas nuvens, com pancadas de chuva no norte do estado<\/p>\n                        <\/div>\n                        <div class=\"jeg_post_meta\"><div class=\"jeg_meta_author\"><span class=\"by\">por<\/span> <a href=\"https:\/\/noticiasdestaque.com.br\/index.php\/author\/admin_ndestaque\/\">Reda\u00e7\u00e3o<\/a><\/div><div class=\"jeg_meta_date\"><a href=\"https:\/\/noticiasdestaque.com.br\/index.php\/2026\/04\/27\/o-tempo-e-a-temperatura-frente-fria-mantem-chuva-no-parana-e-geada-no-rio-grande-do-sul-nesta-terca-feira-28\/\"><i class=\"fa fa-clock-o\"><\/i> 27 de abril de 2026<\/a><\/div><\/div>\n                    <\/div>\n                <\/article><article class=\"jeg_post jeg_pl_md_1 format-standard\">\n                    <div class=\"jeg_thumb\">\n                        \n                        <a href=\"https:\/\/noticiasdestaque.com.br\/index.php\/2026\/04\/27\/o-tempo-e-a-temperatura-previsao-de-chuva-em-mt-e-ms-nesta-terca-feira-28\/\"><div class=\"thumbnail-container animate-lazy  size-715 \"><img loading=\"lazy\" decoding=\"async\" width=\"350\" height=\"250\" src=\"https:\/\/noticiasdestaque.com.br\/wp-content\/themes\/jnews\/assets\/img\/jeg-empty.png\" class=\"attachment-jnews-350x250 size-jnews-350x250 lazyload wp-post-image\" alt=\"O TEMPO E A TEMPERATURA: previs\u00e3o de chuva em MT e MS nesta ter\u00e7a-feira (28)\" title=\"O TEMPO E A TEMPERATURA: previs\u00e3o de chuva em MT e MS nesta ter\u00e7a-feira (28)\" sizes=\"auto, (max-width: 350px) 100vw, 350px\" data-src=\"https:\/\/noticiasdestaque.com.br\/wp-content\/uploads\/2026\/04\/OTEMPOEATEMPERATURAprevisodechuvaemMTeMSnestatera-feira28_0015920001777334544-350x250.jpeg\" data-srcset=\"https:\/\/noticiasdestaque.com.br\/wp-content\/uploads\/2026\/04\/OTEMPOEATEMPERATURAprevisodechuvaemMTeMSnestatera-feira28_0015920001777334544-350x250.jpeg 350w, https:\/\/noticiasdestaque.com.br\/wp-content\/uploads\/2026\/04\/OTEMPOEATEMPERATURAprevisodechuvaemMTeMSnestatera-feira28_0015920001777334544-120x86.jpeg 120w\" data-sizes=\"auto\" data-expand=\"700\" \/><\/div><\/a>\n                        <div class=\"jeg_post_category\">\n                            <span><a href=\"https:\/\/noticiasdestaque.com.br\/index.php\/category\/cotidiano\/\" class=\"category-cotidiano\">Cotidiano<\/a><\/span>\n                        <\/div>\n                    <\/div>\n                    <div class=\"jeg_postblock_content\">\n                        <h3 class=\"jeg_post_title\">\n                            <a href=\"https:\/\/noticiasdestaque.com.br\/index.php\/2026\/04\/27\/o-tempo-e-a-temperatura-previsao-de-chuva-em-mt-e-ms-nesta-terca-feira-28\/\">O TEMPO E A TEMPERATURA: previs\u00e3o de chuva em MT e MS nesta ter\u00e7a-feira (28)<\/a>\n                        <\/h3>\n                        <div class=\"jeg_post_excerpt\">\n                            <p>O Inmet emitiu alerta de perigo potencial para chuvas intensas em \u00e1reas dos dois estados<\/p>\n                        <\/div>\n                        <div class=\"jeg_post_meta\"><div class=\"jeg_meta_author\"><span class=\"by\">por<\/span> <a href=\"https:\/\/noticiasdestaque.com.br\/index.php\/author\/admin_ndestaque\/\">Reda\u00e7\u00e3o<\/a><\/div><div class=\"jeg_meta_date\"><a href=\"https:\/\/noticiasdestaque.com.br\/index.php\/2026\/04\/27\/o-tempo-e-a-temperatura-previsao-de-chuva-em-mt-e-ms-nesta-terca-feira-28\/\"><i class=\"fa fa-clock-o\"><\/i> 27 de abril de 2026<\/a><\/div><\/div>\n                    <\/div>\n                <\/article>\n                    <\/div>\n                <\/div>\n                    <div class='module-overlay'>\n\t\t\t\t    <div class='preloader_type preloader_dot'>\n\t\t\t\t        <div class=\"module-preloader jeg_preloader dot\">\n\t\t\t\t            <span><\/span><span><\/span><span><\/span>\n\t\t\t\t        <\/div>\n\t\t\t\t        <div class=\"module-preloader jeg_preloader circle\">\n\t\t\t\t            <div class=\"jnews_preloader_circle_outer\">\n\t\t\t\t                <div class=\"jnews_preloader_circle_inner\"><\/div>\n\t\t\t\t            <\/div>\n\t\t\t\t        <\/div>\n\t\t\t\t        <div class=\"module-preloader jeg_preloader square\">\n\t\t\t\t            <div class=\"jeg_square\">\n\t\t\t\t                <div class=\"jeg_square_inner\"><\/div>\n\t\t\t\t            <\/div>\n\t\t\t\t        <\/div>\n\t\t\t\t    <\/div>\n\t\t\t\t<\/div>\n                <\/div>\n                <div class=\"jeg_block_navigation\">\n                    <div class='navigation_overlay'><div class='module-preloader jeg_preloader'><span><\/span><span><\/span><span><\/span><\/div><\/div>\n                    <div class=\"jeg_block_loadmore \">\n                    <a href=\"#\" class='' data-load='Carregar Mais' data-loading='A carregar...'> Carregar Mais<\/a>\n                <\/div>\n                    \n                <\/div>\n\t\t\t\t\t\n\t\t\t\t\t<script>var jnews_module__6_69f1c728565dc = {\"header_icon\":\"\",\"first_title\":\"\",\"second_title\":\"\",\"url\":\"\",\"header_type\":\"heading_1\",\"header_background\":\"\",\"header_secondary_background\":\"\",\"header_text_color\":\"\",\"header_line_color\":\"\",\"header_accent_color\":\"\",\"header_filter_category\":\"\",\"header_filter_author\":\"\",\"header_filter_tag\":\"\",\"header_filter_text\":\"All\",\"post_type\":\"post\",\"content_type\":\"all\",\"number_post\":\"6\",\"post_offset\":\"15\",\"unique_content\":\"disable\",\"include_post\":\"\",\"exclude_post\":\"\",\"include_category\":\"\",\"exclude_category\":\"\",\"include_author\":\"\",\"include_tag\":\"\",\"exclude_tag\":\"\",\"sort_by\":\"latest\",\"date_format\":\"default\",\"date_format_custom\":\"Y\\\/m\\\/d\",\"excerpt_length\":\"20\",\"excerpt_ellipsis\":\"...\",\"force_normal_image_load\":\"\",\"pagination_mode\":\"loadmore\",\"pagination_nextprev_showtext\":\"\",\"pagination_number_post\":\"3\",\"pagination_scroll_limit\":0,\"boxed\":\"true\",\"boxed_shadow\":\"true\",\"el_id\":\"\",\"el_class\":\"\",\"scheme\":\"\",\"column_width\":\"auto\",\"title_color\":\"\",\"accent_color\":\"\",\"alt_color\":\"\",\"excerpt_color\":\"\",\"css\":\"\",\"compatible_column_notice\":\"\",\"paged\":1,\"column_class\":\"jeg_col_2o3\",\"class\":\"jnews_block_23\"};<\/script>\n\t\t\t\t<\/div>[\/vc_column][\/vc_row][vc_row][vc_column width=&#8221;1\/3&#8243;]<div  class=\"jeg_postblock_19 jeg_postblock jeg_module_hook jeg_pagination_disable jeg_col_1o3 jnews_module__7_69f1c7285daea vc_custom_1669228202638 jeg_pb_boxed jeg_pb_boxed_shadow  \" data-unique=\"jnews_module__7_69f1c7285daea\">\n\t\t\t\t\t<div class=\"jeg_block_heading jeg_block_heading_9 jeg_subcat_right\">\n                     <h3 class=\"jeg_block_title\"><span><i class='fas fa-heartbeat'><\/i>Sa\u00fade<\/span><\/h3>\n                     \n                 <\/div>\n\t\t\t\t\t<div class=\"jeg_block_container\">\n                \n                <div class=\"jeg_posts\">\n                    <article class=\"jeg_post jeg_pl_md_box format-standard\">\n                    <div class=\"box_wrap\">\n                    <div class=\"jeg_thumb\">\n                        \n                        <a href=\"https:\/\/noticiasdestaque.com.br\/index.php\/2026\/04\/26\/bahia-e-para-reforcam-acoes-contra-a-doenca-de-chagas-apos-aumento-de-casos\/\"><div class=\"thumbnail-container animate-lazy  size-715 \"><img loading=\"lazy\" decoding=\"async\" width=\"350\" height=\"250\" src=\"https:\/\/noticiasdestaque.com.br\/wp-content\/themes\/jnews\/assets\/img\/jeg-empty.png\" class=\"attachment-jnews-350x250 size-jnews-350x250 lazyload wp-post-image\" alt=\"Bahia e Par\u00e1 refor\u00e7am a\u00e7\u00f5es contra a doen\u00e7a de Chagas ap\u00f3s aumento de casos\" title=\"Bahia e Par\u00e1 refor\u00e7am a\u00e7\u00f5es contra a doen\u00e7a de Chagas ap\u00f3s aumento de casos\" sizes=\"auto, (max-width: 350px) 100vw, 350px\" data-src=\"https:\/\/noticiasdestaque.com.br\/wp-content\/uploads\/2026\/04\/BahiaeParreforamaescontraadoenadeChagasapsaumentodecasos_0842517001777340239-350x250.jpeg\" data-srcset=\"https:\/\/noticiasdestaque.com.br\/wp-content\/uploads\/2026\/04\/BahiaeParreforamaescontraadoenadeChagasapsaumentodecasos_0842517001777340239-350x250.jpeg 350w, https:\/\/noticiasdestaque.com.br\/wp-content\/uploads\/2026\/04\/BahiaeParreforamaescontraadoenadeChagasapsaumentodecasos_0842517001777340239-120x86.jpeg 120w\" data-sizes=\"auto\" data-expand=\"700\" \/><\/div><\/a>\n                    <\/div>\n                    <div class=\"jeg_postblock_content\">\n                        <h3 class=\"jeg_post_title\">\n                            <a href=\"https:\/\/noticiasdestaque.com.br\/index.php\/2026\/04\/26\/bahia-e-para-reforcam-acoes-contra-a-doenca-de-chagas-apos-aumento-de-casos\/\">Bahia e Par\u00e1 refor\u00e7am a\u00e7\u00f5es contra a doen\u00e7a de Chagas ap\u00f3s aumento de casos<\/a>\n                        <\/h3>\n                        <div class=\"jeg_post_meta\"><div class=\"jeg_meta_date\"><a href=\"https:\/\/noticiasdestaque.com.br\/index.php\/2026\/04\/26\/bahia-e-para-reforcam-acoes-contra-a-doenca-de-chagas-apos-aumento-de-casos\/\" ><i class=\"fa fa-clock-o\"><\/i> 27 de abril de 2026<\/a><\/div><\/div>\n                    <\/div> \n                    <\/div>\n                <\/article>\n                    <div class=\"jeg_postsmall jeg_load_more_flag\">\n                        <article class=\"jeg_post jeg_pl_sm format-standard\">\n                <div class=\"jeg_thumb\">\n                        \n                        <a href=\"https:\/\/noticiasdestaque.com.br\/index.php\/2026\/04\/24\/semana-de-vacinacao-mobiliza-1049-mil-escolas-para-atualizar-cadernetas-de-criancas-e-jovens\/\"><div class=\"thumbnail-container animate-lazy  size-715 \"><img loading=\"lazy\" decoding=\"async\" width=\"120\" height=\"86\" src=\"https:\/\/noticiasdestaque.com.br\/wp-content\/themes\/jnews\/assets\/img\/jeg-empty.png\" class=\"attachment-jnews-120x86 size-jnews-120x86 lazyload wp-post-image\" alt=\"Semana de Vacina\u00e7\u00e3o mobiliza 104,9 mil escolas para atualizar cadernetas de crian\u00e7as e jovens\" title=\"Semana de Vacina\u00e7\u00e3o mobiliza 104,9 mil escolas para atualizar cadernetas de crian\u00e7as e jovens\" sizes=\"auto, (max-width: 120px) 100vw, 120px\" data-src=\"https:\/\/noticiasdestaque.com.br\/wp-content\/uploads\/2026\/04\/SemanadeVacinaomobiliza1049milescolasparaatualizarcadernetasdecrianasejovens_0824017001777338509-120x86.jpeg\" data-srcset=\"https:\/\/noticiasdestaque.com.br\/wp-content\/uploads\/2026\/04\/SemanadeVacinaomobiliza1049milescolasparaatualizarcadernetasdecrianasejovens_0824017001777338509-120x86.jpeg 120w, https:\/\/noticiasdestaque.com.br\/wp-content\/uploads\/2026\/04\/SemanadeVacinaomobiliza1049milescolasparaatualizarcadernetasdecrianasejovens_0824017001777338509-350x250.jpeg 350w, https:\/\/noticiasdestaque.com.br\/wp-content\/uploads\/2026\/04\/SemanadeVacinaomobiliza1049milescolasparaatualizarcadernetasdecrianasejovens_0824017001777338509-750x536.jpeg 750w\" data-sizes=\"auto\" data-expand=\"700\" \/><\/div><\/a>\n                    <\/div>\n                    <div class=\"jeg_postblock_content\">\n                        <h3 class=\"jeg_post_title\">\n                            <a href=\"https:\/\/noticiasdestaque.com.br\/index.php\/2026\/04\/24\/semana-de-vacinacao-mobiliza-1049-mil-escolas-para-atualizar-cadernetas-de-criancas-e-jovens\/\">Semana de Vacina\u00e7\u00e3o mobiliza 104,9 mil escolas para atualizar cadernetas de crian\u00e7as e jovens<\/a>\n                        <\/h3>\n                        <div class=\"jeg_post_meta\"><div class=\"jeg_meta_date\"><a href=\"https:\/\/noticiasdestaque.com.br\/index.php\/2026\/04\/24\/semana-de-vacinacao-mobiliza-1049-mil-escolas-para-atualizar-cadernetas-de-criancas-e-jovens\/\" ><i class=\"fa fa-clock-o\"><\/i> 27 de abril de 2026<\/a><\/div><\/div>\n                    <\/div>\n                <\/article><article class=\"jeg_post jeg_pl_sm format-standard\">\n                <div class=\"jeg_thumb\">\n                        \n                        <a href=\"https:\/\/noticiasdestaque.com.br\/index.php\/2026\/04\/21\/infogripe-sindrome-respiratoria-aumenta-em-criancas-menores-de-2-anos\/\"><div class=\"thumbnail-container animate-lazy  size-715 \"><img loading=\"lazy\" decoding=\"async\" width=\"120\" height=\"86\" src=\"https:\/\/noticiasdestaque.com.br\/wp-content\/themes\/jnews\/assets\/img\/jeg-empty.png\" class=\"attachment-jnews-120x86 size-jnews-120x86 lazyload wp-post-image\" alt=\"InfoGripe: s\u00edndrome respirat\u00f3ria aumenta em crian\u00e7as menores de 2 anos\" title=\"InfoGripe: s\u00edndrome respirat\u00f3ria aumenta em crian\u00e7as menores de 2 anos\" sizes=\"auto, (max-width: 120px) 100vw, 120px\" data-src=\"https:\/\/noticiasdestaque.com.br\/wp-content\/uploads\/2026\/04\/InfoGripesndromerespiratriaaumentaemcrianasmenoresde2anos_0179224001776758502-120x86.jpeg\" data-srcset=\"https:\/\/noticiasdestaque.com.br\/wp-content\/uploads\/2026\/04\/InfoGripesndromerespiratriaaumentaemcrianasmenoresde2anos_0179224001776758502-120x86.jpeg 120w, https:\/\/noticiasdestaque.com.br\/wp-content\/uploads\/2026\/04\/InfoGripesndromerespiratriaaumentaemcrianasmenoresde2anos_0179224001776758502-350x250.jpeg 350w\" data-sizes=\"auto\" data-expand=\"700\" \/><\/div><\/a>\n                    <\/div>\n                    <div class=\"jeg_postblock_content\">\n                        <h3 class=\"jeg_post_title\">\n                            <a href=\"https:\/\/noticiasdestaque.com.br\/index.php\/2026\/04\/21\/infogripe-sindrome-respiratoria-aumenta-em-criancas-menores-de-2-anos\/\">InfoGripe: s\u00edndrome respirat\u00f3ria aumenta em crian\u00e7as menores de 2 anos<\/a>\n                        <\/h3>\n                        <div class=\"jeg_post_meta\"><div class=\"jeg_meta_date\"><a href=\"https:\/\/noticiasdestaque.com.br\/index.php\/2026\/04\/21\/infogripe-sindrome-respiratoria-aumenta-em-criancas-menores-de-2-anos\/\" ><i class=\"fa fa-clock-o\"><\/i> 21 de abril de 2026<\/a><\/div><\/div>\n                    <\/div>\n                <\/article>\n                    <\/div>\n                <\/div>\n                <div class='module-overlay'>\n\t\t\t\t    <div class='preloader_type preloader_dot'>\n\t\t\t\t        <div class=\"module-preloader jeg_preloader dot\">\n\t\t\t\t            <span><\/span><span><\/span><span><\/span>\n\t\t\t\t        <\/div>\n\t\t\t\t        <div class=\"module-preloader jeg_preloader circle\">\n\t\t\t\t            <div class=\"jnews_preloader_circle_outer\">\n\t\t\t\t                <div class=\"jnews_preloader_circle_inner\"><\/div>\n\t\t\t\t            <\/div>\n\t\t\t\t        <\/div>\n\t\t\t\t        <div class=\"module-preloader jeg_preloader square\">\n\t\t\t\t            <div class=\"jeg_square\">\n\t\t\t\t                <div class=\"jeg_square_inner\"><\/div>\n\t\t\t\t            <\/div>\n\t\t\t\t        <\/div>\n\t\t\t\t    <\/div>\n\t\t\t\t<\/div>\n            <\/div>\n            <div class=\"jeg_block_navigation\">\n                <div class='navigation_overlay'><div class='module-preloader jeg_preloader'><span><\/span><span><\/span><span><\/span><\/div><\/div>\n                \n                \n            <\/div>\n\t\t\t\t\t<style scoped>.jnews_module__7_69f1c7285daea .jeg_block_heading_9 { border-color: #3d348b; }<\/style>\n\t\t\t\t\t<script>var jnews_module__7_69f1c7285daea = {\"header_icon\":\"fas fa-heartbeat\",\"first_title\":\"Sa\\u00fade\",\"second_title\":\"\",\"url\":\"\",\"header_type\":\"heading_9\",\"header_background\":\"\",\"header_secondary_background\":\"\",\"header_text_color\":\"\",\"header_line_color\":\"#3d348b\",\"header_accent_color\":\"\",\"header_filter_category\":\"\",\"header_filter_author\":\"\",\"header_filter_tag\":\"\",\"header_filter_text\":\"All\",\"post_type\":\"post\",\"content_type\":\"all\",\"number_post\":\"3\",\"post_offset\":\"0\",\"unique_content\":\"disable\",\"include_post\":\"\",\"exclude_post\":\"\",\"include_category\":\"51\",\"exclude_category\":\"\",\"include_author\":\"\",\"include_tag\":\"\",\"exclude_tag\":\"\",\"sort_by\":\"latest\",\"date_format\":\"default\",\"date_format_custom\":\"Y\\\/m\\\/d\",\"force_normal_image_load\":\"\",\"pagination_mode\":\"disable\",\"pagination_nextprev_showtext\":\"\",\"pagination_number_post\":6,\"pagination_scroll_limit\":0,\"boxed\":\"true\",\"boxed_shadow\":\"true\",\"el_id\":\"\",\"el_class\":\"\",\"scheme\":\"\",\"column_width\":\"4\",\"title_color\":\"\",\"accent_color\":\"\",\"alt_color\":\"\",\"excerpt_color\":\"\",\"css\":\".vc_custom_1669228202638{background-color: #ffffff !important;}\",\"compatible_column_notice\":\"\",\"paged\":1,\"column_class\":\"jeg_col_1o3\",\"class\":\"jnews_block_19\"};<\/script>\n\t\t\t\t<\/div>[\/vc_column][vc_column width=&#8221;1\/3&#8243;]<div  class=\"jeg_postblock_19 jeg_postblock jeg_module_hook jeg_pagination_disable jeg_col_1o3 jnews_module__8_69f1c728605dc  jeg_pb_boxed jeg_pb_boxed_shadow  \" data-unique=\"jnews_module__8_69f1c728605dc\">\n\t\t\t\t\t<div class=\"jeg_block_heading jeg_block_heading_9 jeg_subcat_right\">\n                     <h3 class=\"jeg_block_title\"><span><i class='fas fa-volleyball-ball'><\/i>Esportes<\/span><\/h3>\n                     \n                 <\/div>\n\t\t\t\t\t<div class=\"jeg_block_container\">\n                \n                <div class=\"jeg_posts\">\n                    <article class=\"jeg_post jeg_pl_md_box format-standard\">\n                    <div class=\"box_wrap\">\n                    <div class=\"jeg_thumb\">\n                        \n                        <a href=\"https:\/\/noticiasdestaque.com.br\/index.php\/2024\/10\/28\/brasil-assume-a-lideranca-da-liga-sul-americana-de-hipismo-para-a-copa-do-mundo-em-basel-na-suica-2025\/\"><div class=\"thumbnail-container animate-lazy  size-715 \"><img loading=\"lazy\" decoding=\"async\" width=\"350\" height=\"250\" src=\"https:\/\/noticiasdestaque.com.br\/wp-content\/themes\/jnews\/assets\/img\/jeg-empty.png\" class=\"attachment-jnews-350x250 size-jnews-350x250 lazyload wp-post-image\" alt=\"Brasil assume a lideran\u00e7a da liga sul-americana de hipismo para a copa do mundo em basel na sui\u00e7a 2025\" title=\"Brasil assume a lideran\u00e7a da liga sul-americana de hipismo para a copa do mundo em basel na sui\u00e7a 2025\" sizes=\"auto, (max-width: 350px) 100vw, 350px\" data-src=\"https:\/\/noticiasdestaque.com.br\/wp-content\/uploads\/2024\/10\/IMG-20241028-WA0005-350x250.jpg\" data-srcset=\"https:\/\/noticiasdestaque.com.br\/wp-content\/uploads\/2024\/10\/IMG-20241028-WA0005-350x250.jpg 350w, https:\/\/noticiasdestaque.com.br\/wp-content\/uploads\/2024\/10\/IMG-20241028-WA0005-120x86.jpg 120w, https:\/\/noticiasdestaque.com.br\/wp-content\/uploads\/2024\/10\/IMG-20241028-WA0005-750x536.jpg 750w, https:\/\/noticiasdestaque.com.br\/wp-content\/uploads\/2024\/10\/IMG-20241028-WA0005-1140x815.jpg 1140w\" data-sizes=\"auto\" data-expand=\"700\" \/><\/div><\/a>\n                    <\/div>\n                    <div class=\"jeg_postblock_content\">\n                        <h3 class=\"jeg_post_title\">\n                            <a href=\"https:\/\/noticiasdestaque.com.br\/index.php\/2024\/10\/28\/brasil-assume-a-lideranca-da-liga-sul-americana-de-hipismo-para-a-copa-do-mundo-em-basel-na-suica-2025\/\">Brasil assume a lideran\u00e7a da liga sul-americana de hipismo para a copa do mundo em basel na sui\u00e7a 2025<\/a>\n                        <\/h3>\n                        <div class=\"jeg_post_meta\"><div class=\"jeg_meta_date\"><a href=\"https:\/\/noticiasdestaque.com.br\/index.php\/2024\/10\/28\/brasil-assume-a-lideranca-da-liga-sul-americana-de-hipismo-para-a-copa-do-mundo-em-basel-na-suica-2025\/\" ><i class=\"fa fa-clock-o\"><\/i> 28 de outubro de 2024<\/a><\/div><\/div>\n                    <\/div> \n                    <\/div>\n                <\/article>\n                    <div class=\"jeg_postsmall jeg_load_more_flag\">\n                        <article class=\"jeg_post jeg_pl_sm format-standard\">\n                <div class=\"jeg_thumb\">\n                        \n                        <a href=\"https:\/\/noticiasdestaque.com.br\/index.php\/2024\/05\/15\/ana-paula-marquez-de-musa-fitness-a-estrela-do-samba-paulistano\/\"><div class=\"thumbnail-container animate-lazy  size-715 \"><img loading=\"lazy\" decoding=\"async\" width=\"120\" height=\"86\" src=\"https:\/\/noticiasdestaque.com.br\/wp-content\/themes\/jnews\/assets\/img\/jeg-empty.png\" class=\"attachment-jnews-120x86 size-jnews-120x86 lazyload wp-post-image\" alt=\"Ana Paula Marquez: de Musa Fitness a estrela do samba paulistano\" title=\"Ana Paula Marquez: de Musa Fitness a estrela do samba paulistano\" sizes=\"auto, (max-width: 120px) 100vw, 120px\" data-src=\"https:\/\/noticiasdestaque.com.br\/wp-content\/uploads\/2024\/05\/image0-1-819x10241-1-120x86.jpeg\" data-srcset=\"https:\/\/noticiasdestaque.com.br\/wp-content\/uploads\/2024\/05\/image0-1-819x10241-1-120x86.jpeg 120w, https:\/\/noticiasdestaque.com.br\/wp-content\/uploads\/2024\/05\/image0-1-819x10241-1-350x250.jpeg 350w, https:\/\/noticiasdestaque.com.br\/wp-content\/uploads\/2024\/05\/image0-1-819x10241-1-750x536.jpeg 750w\" data-sizes=\"auto\" data-expand=\"700\" \/><\/div><\/a>\n                    <\/div>\n                    <div class=\"jeg_postblock_content\">\n                        <h3 class=\"jeg_post_title\">\n                            <a href=\"https:\/\/noticiasdestaque.com.br\/index.php\/2024\/05\/15\/ana-paula-marquez-de-musa-fitness-a-estrela-do-samba-paulistano\/\">Ana Paula Marquez: de Musa Fitness a estrela do samba paulistano<\/a>\n                        <\/h3>\n                        <div class=\"jeg_post_meta\"><div class=\"jeg_meta_date\"><a href=\"https:\/\/noticiasdestaque.com.br\/index.php\/2024\/05\/15\/ana-paula-marquez-de-musa-fitness-a-estrela-do-samba-paulistano\/\" ><i class=\"fa fa-clock-o\"><\/i> 15 de maio de 2024<\/a><\/div><\/div>\n                    <\/div>\n                <\/article><article class=\"jeg_post jeg_pl_sm format-standard\">\n                <div class=\"jeg_thumb\">\n                        \n                        <a href=\"https:\/\/noticiasdestaque.com.br\/index.php\/2024\/04\/29\/cavaleiro-vitor-dantas-medeiros-de-carvalho-atinge-indice-olimpico-no-salto-com-5o-lugar-no\/\"><div class=\"thumbnail-container animate-lazy  size-715 \"><img loading=\"lazy\" decoding=\"async\" width=\"120\" height=\"86\" src=\"https:\/\/noticiasdestaque.com.br\/wp-content\/themes\/jnews\/assets\/img\/jeg-empty.png\" class=\"attachment-jnews-120x86 size-jnews-120x86 lazyload wp-post-image\" alt=\"Cavaleiro Vitor Dantas Medeiros de Carvalho atinge \u00cdndice Ol\u00edmpico no Salto com 5\u00ba Lugar no GP World Cup do Internacional CSI-W Curitiba\" title=\"Cavaleiro Vitor Dantas Medeiros de Carvalho atinge \u00cdndice Ol\u00edmpico no Salto com 5\u00ba Lugar no GP World Cup do Internacional CSI-W Curitiba\" sizes=\"auto, (max-width: 120px) 100vw, 120px\" data-src=\"https:\/\/noticiasdestaque.com.br\/wp-content\/uploads\/2024\/04\/Screenshot_20240429-120827-120x86.png\" data-srcset=\"https:\/\/noticiasdestaque.com.br\/wp-content\/uploads\/2024\/04\/Screenshot_20240429-120827-120x86.png 120w, https:\/\/noticiasdestaque.com.br\/wp-content\/uploads\/2024\/04\/Screenshot_20240429-120827-350x250.png 350w, https:\/\/noticiasdestaque.com.br\/wp-content\/uploads\/2024\/04\/Screenshot_20240429-120827-750x536.png 750w\" data-sizes=\"auto\" data-expand=\"700\" \/><\/div><\/a>\n                    <\/div>\n                    <div class=\"jeg_postblock_content\">\n                        <h3 class=\"jeg_post_title\">\n                            <a href=\"https:\/\/noticiasdestaque.com.br\/index.php\/2024\/04\/29\/cavaleiro-vitor-dantas-medeiros-de-carvalho-atinge-indice-olimpico-no-salto-com-5o-lugar-no\/\">Cavaleiro Vitor Dantas Medeiros de Carvalho atinge \u00cdndice Ol\u00edmpico no Salto com 5\u00ba Lugar no GP World Cup do Internacional CSI-W Curitiba<\/a>\n                        <\/h3>\n                        <div class=\"jeg_post_meta\"><div class=\"jeg_meta_date\"><a href=\"https:\/\/noticiasdestaque.com.br\/index.php\/2024\/04\/29\/cavaleiro-vitor-dantas-medeiros-de-carvalho-atinge-indice-olimpico-no-salto-com-5o-lugar-no\/\" ><i class=\"fa fa-clock-o\"><\/i> 29 de abril de 2024<\/a><\/div><\/div>\n                    <\/div>\n                <\/article>\n                    <\/div>\n                <\/div>\n                <div class='module-overlay'>\n\t\t\t\t    <div class='preloader_type preloader_dot'>\n\t\t\t\t        <div class=\"module-preloader jeg_preloader dot\">\n\t\t\t\t            <span><\/span><span><\/span><span><\/span>\n\t\t\t\t        <\/div>\n\t\t\t\t        <div class=\"module-preloader jeg_preloader circle\">\n\t\t\t\t            <div class=\"jnews_preloader_circle_outer\">\n\t\t\t\t                <div class=\"jnews_preloader_circle_inner\"><\/div>\n\t\t\t\t            <\/div>\n\t\t\t\t        <\/div>\n\t\t\t\t        <div class=\"module-preloader jeg_preloader square\">\n\t\t\t\t            <div class=\"jeg_square\">\n\t\t\t\t                <div class=\"jeg_square_inner\"><\/div>\n\t\t\t\t            <\/div>\n\t\t\t\t        <\/div>\n\t\t\t\t    <\/div>\n\t\t\t\t<\/div>\n            <\/div>\n            <div class=\"jeg_block_navigation\">\n                <div class='navigation_overlay'><div class='module-preloader jeg_preloader'><span><\/span><span><\/span><span><\/span><\/div><\/div>\n                \n                \n            <\/div>\n\t\t\t\t\t<style scoped>.jnews_module__8_69f1c728605dc .jeg_block_heading_9 { border-color: #3d348b; }<\/style>\n\t\t\t\t\t<script>var jnews_module__8_69f1c728605dc = {\"header_icon\":\"fas fa-volleyball-ball\",\"first_title\":\"Esportes\",\"second_title\":\"\",\"url\":\"\",\"header_type\":\"heading_9\",\"header_background\":\"\",\"header_secondary_background\":\"\",\"header_text_color\":\"\",\"header_line_color\":\"#3d348b\",\"header_accent_color\":\"\",\"header_filter_category\":\"\",\"header_filter_author\":\"\",\"header_filter_tag\":\"\",\"header_filter_text\":\"All\",\"post_type\":\"post\",\"content_type\":\"all\",\"number_post\":\"3\",\"post_offset\":\"0\",\"unique_content\":\"disable\",\"include_post\":\"\",\"exclude_post\":\"34\",\"include_category\":\"47\",\"exclude_category\":\"\",\"include_author\":\"\",\"include_tag\":\"\",\"exclude_tag\":\"\",\"sort_by\":\"latest\",\"date_format\":\"default\",\"date_format_custom\":\"Y\\\/m\\\/d\",\"force_normal_image_load\":\"\",\"pagination_mode\":\"disable\",\"pagination_nextprev_showtext\":\"\",\"pagination_number_post\":6,\"pagination_scroll_limit\":0,\"boxed\":\"true\",\"boxed_shadow\":\"true\",\"el_id\":\"\",\"el_class\":\"\",\"scheme\":\"\",\"column_width\":\"4\",\"title_color\":\"\",\"accent_color\":\"\",\"alt_color\":\"\",\"excerpt_color\":\"\",\"css\":\"\",\"compatible_column_notice\":\"\",\"paged\":1,\"column_class\":\"jeg_col_1o3\",\"class\":\"jnews_block_19\"};<\/script>\n\t\t\t\t<\/div>[\/vc_column][vc_column width=&#8221;1\/3&#8243;]<div  class=\"jeg_postblock_19 jeg_postblock jeg_module_hook jeg_pagination_disable jeg_col_1o3 jnews_module__9_69f1c72862881  jeg_pb_boxed jeg_pb_boxed_shadow  \" data-unique=\"jnews_module__9_69f1c72862881\">\n\t\t\t\t\t<div class=\"jeg_block_heading jeg_block_heading_9 jeg_subcat_right\">\n                     <h3 class=\"jeg_block_title\"><span><i class='fas fa-university'><\/i>Educa\u00e7\u00e3o<\/span><\/h3>\n                     \n                 <\/div>\n\t\t\t\t\t<div class=\"jeg_block_container\">\n                \n                <div class=\"jeg_posts\">\n                    <article class=\"jeg_post jeg_pl_md_box format-standard\">\n                    <div class=\"box_wrap\">\n                    <div class=\"jeg_thumb\">\n                        \n                        <a href=\"https:\/\/noticiasdestaque.com.br\/index.php\/2025\/01\/03\/esbm-a-unica-referencia-especializada-na-preparacao-para-o-ingresso-na-brigada-militar\/\"><div class=\"thumbnail-container animate-lazy  size-715 \"><img loading=\"lazy\" decoding=\"async\" width=\"350\" height=\"250\" src=\"https:\/\/noticiasdestaque.com.br\/wp-content\/themes\/jnews\/assets\/img\/jeg-empty.png\" class=\"attachment-jnews-350x250 size-jnews-350x250 lazyload wp-post-image\" alt=\"ESBM: A \u00danica Refer\u00eancia Especializada na Prepara\u00e7\u00e3o para o Ingresso na Brigada Militar\" title=\"ESBM: A \u00danica Refer\u00eancia Especializada na Prepara\u00e7\u00e3o para o Ingresso na Brigada Militar\" sizes=\"auto, (max-width: 350px) 100vw, 350px\" data-src=\"https:\/\/noticiasdestaque.com.br\/wp-content\/uploads\/2025\/01\/IMG-20250103-WA0006-350x250.jpg\" data-srcset=\"https:\/\/noticiasdestaque.com.br\/wp-content\/uploads\/2025\/01\/IMG-20250103-WA0006-350x250.jpg 350w, https:\/\/noticiasdestaque.com.br\/wp-content\/uploads\/2025\/01\/IMG-20250103-WA0006-120x86.jpg 120w, https:\/\/noticiasdestaque.com.br\/wp-content\/uploads\/2025\/01\/IMG-20250103-WA0006-750x536.jpg 750w\" data-sizes=\"auto\" data-expand=\"700\" \/><\/div><\/a>\n                    <\/div>\n                    <div class=\"jeg_postblock_content\">\n                        <h3 class=\"jeg_post_title\">\n                            <a href=\"https:\/\/noticiasdestaque.com.br\/index.php\/2025\/01\/03\/esbm-a-unica-referencia-especializada-na-preparacao-para-o-ingresso-na-brigada-militar\/\">ESBM: A \u00danica Refer\u00eancia Especializada na Prepara\u00e7\u00e3o para o Ingresso na Brigada Militar<\/a>\n                        <\/h3>\n                        <div class=\"jeg_post_meta\"><div class=\"jeg_meta_date\"><a href=\"https:\/\/noticiasdestaque.com.br\/index.php\/2025\/01\/03\/esbm-a-unica-referencia-especializada-na-preparacao-para-o-ingresso-na-brigada-militar\/\" ><i class=\"fa fa-clock-o\"><\/i> 3 de janeiro de 2025<\/a><\/div><\/div>\n                    <\/div> \n                    <\/div>\n                <\/article>\n                    <div class=\"jeg_postsmall jeg_load_more_flag\">\n                        <article class=\"jeg_post jeg_pl_sm format-standard\">\n                <div class=\"jeg_thumb\">\n                        \n                        <a href=\"https:\/\/noticiasdestaque.com.br\/index.php\/2024\/11\/25\/intervencao-aba-e-inclusao-o-compromisso-de-erenildes-de-figueiredo-barbosa-de-matos-com-criancas-autistas\/\"><div class=\"thumbnail-container animate-lazy  size-715 \"><img loading=\"lazy\" decoding=\"async\" width=\"120\" height=\"86\" src=\"https:\/\/noticiasdestaque.com.br\/wp-content\/themes\/jnews\/assets\/img\/jeg-empty.png\" class=\"attachment-jnews-120x86 size-jnews-120x86 lazyload wp-post-image\" alt=\"Interven\u00e7\u00e3o ABA e Inclus\u00e3o: O Compromisso de Erenildes de Figueiredo Barbosa de Matos com Crian\u00e7as Autistas\" title=\"Interven\u00e7\u00e3o ABA e Inclus\u00e3o: O Compromisso de Erenildes de Figueiredo Barbosa de Matos com Crian\u00e7as Autistas\" sizes=\"auto, (max-width: 120px) 100vw, 120px\" data-src=\"https:\/\/noticiasdestaque.com.br\/wp-content\/uploads\/2024\/11\/IMG-20241122-WA0000-1-120x86.jpg\" data-srcset=\"https:\/\/noticiasdestaque.com.br\/wp-content\/uploads\/2024\/11\/IMG-20241122-WA0000-1-120x86.jpg 120w, https:\/\/noticiasdestaque.com.br\/wp-content\/uploads\/2024\/11\/IMG-20241122-WA0000-1-350x250.jpg 350w, https:\/\/noticiasdestaque.com.br\/wp-content\/uploads\/2024\/11\/IMG-20241122-WA0000-1-750x536.jpg 750w\" data-sizes=\"auto\" data-expand=\"700\" \/><\/div><\/a>\n                    <\/div>\n                    <div class=\"jeg_postblock_content\">\n                        <h3 class=\"jeg_post_title\">\n                            <a href=\"https:\/\/noticiasdestaque.com.br\/index.php\/2024\/11\/25\/intervencao-aba-e-inclusao-o-compromisso-de-erenildes-de-figueiredo-barbosa-de-matos-com-criancas-autistas\/\">Interven\u00e7\u00e3o ABA e Inclus\u00e3o: O Compromisso de Erenildes de Figueiredo Barbosa de Matos com Crian\u00e7as Autistas<\/a>\n                        <\/h3>\n                        <div class=\"jeg_post_meta\"><div class=\"jeg_meta_date\"><a href=\"https:\/\/noticiasdestaque.com.br\/index.php\/2024\/11\/25\/intervencao-aba-e-inclusao-o-compromisso-de-erenildes-de-figueiredo-barbosa-de-matos-com-criancas-autistas\/\" ><i class=\"fa fa-clock-o\"><\/i> 25 de novembro de 2024<\/a><\/div><\/div>\n                    <\/div>\n                <\/article><article class=\"jeg_post jeg_pl_sm format-standard\">\n                <div class=\"jeg_thumb\">\n                        \n                        <a href=\"https:\/\/noticiasdestaque.com.br\/index.php\/2024\/09\/27\/justica-determina-reintegracao-de-professor-demitido-por-perseguicao-em-espinosa-mg\/\"><div class=\"thumbnail-container animate-lazy  size-715 \"><img loading=\"lazy\" decoding=\"async\" width=\"120\" height=\"86\" src=\"https:\/\/noticiasdestaque.com.br\/wp-content\/themes\/jnews\/assets\/img\/jeg-empty.png\" class=\"attachment-jnews-120x86 size-jnews-120x86 lazyload wp-post-image\" alt=\"Justi\u00e7a Determina Reintegra\u00e7\u00e3o de Professor Demitido por Persegui\u00e7\u00e3o em Espinosa- MG\" title=\"Justi\u00e7a Determina Reintegra\u00e7\u00e3o de Professor Demitido por Persegui\u00e7\u00e3o em Espinosa- MG\" sizes=\"auto, (max-width: 120px) 100vw, 120px\" data-src=\"https:\/\/noticiasdestaque.com.br\/wp-content\/uploads\/2024\/09\/IMG-20240927-WA0000-120x86.jpg\" data-srcset=\"https:\/\/noticiasdestaque.com.br\/wp-content\/uploads\/2024\/09\/IMG-20240927-WA0000-120x86.jpg 120w, https:\/\/noticiasdestaque.com.br\/wp-content\/uploads\/2024\/09\/IMG-20240927-WA0000-350x250.jpg 350w, https:\/\/noticiasdestaque.com.br\/wp-content\/uploads\/2024\/09\/IMG-20240927-WA0000-750x536.jpg 750w\" data-sizes=\"auto\" data-expand=\"700\" \/><\/div><\/a>\n                    <\/div>\n                    <div class=\"jeg_postblock_content\">\n                        <h3 class=\"jeg_post_title\">\n                            <a href=\"https:\/\/noticiasdestaque.com.br\/index.php\/2024\/09\/27\/justica-determina-reintegracao-de-professor-demitido-por-perseguicao-em-espinosa-mg\/\">Justi\u00e7a Determina Reintegra\u00e7\u00e3o de Professor Demitido por Persegui\u00e7\u00e3o em Espinosa- MG<\/a>\n                        <\/h3>\n                        <div class=\"jeg_post_meta\"><div class=\"jeg_meta_date\"><a href=\"https:\/\/noticiasdestaque.com.br\/index.php\/2024\/09\/27\/justica-determina-reintegracao-de-professor-demitido-por-perseguicao-em-espinosa-mg\/\" ><i class=\"fa fa-clock-o\"><\/i> 27 de setembro de 2024<\/a><\/div><\/div>\n                    <\/div>\n                <\/article>\n                    <\/div>\n                <\/div>\n                <div class='module-overlay'>\n\t\t\t\t    <div class='preloader_type preloader_dot'>\n\t\t\t\t        <div class=\"module-preloader jeg_preloader dot\">\n\t\t\t\t            <span><\/span><span><\/span><span><\/span>\n\t\t\t\t        <\/div>\n\t\t\t\t        <div class=\"module-preloader jeg_preloader circle\">\n\t\t\t\t            <div class=\"jnews_preloader_circle_outer\">\n\t\t\t\t                <div class=\"jnews_preloader_circle_inner\"><\/div>\n\t\t\t\t            <\/div>\n\t\t\t\t        <\/div>\n\t\t\t\t        <div class=\"module-preloader jeg_preloader square\">\n\t\t\t\t            <div class=\"jeg_square\">\n\t\t\t\t                <div class=\"jeg_square_inner\"><\/div>\n\t\t\t\t            <\/div>\n\t\t\t\t        <\/div>\n\t\t\t\t    <\/div>\n\t\t\t\t<\/div>\n            <\/div>\n            <div class=\"jeg_block_navigation\">\n                <div class='navigation_overlay'><div class='module-preloader jeg_preloader'><span><\/span><span><\/span><span><\/span><\/div><\/div>\n                \n                \n            <\/div>\n\t\t\t\t\t<style scoped>.jnews_module__9_69f1c72862881 .jeg_block_heading_9 { border-color: #3d348b; }<\/style>\n\t\t\t\t\t<script>var jnews_module__9_69f1c72862881 = {\"header_icon\":\"fas fa-university\",\"first_title\":\"Educa\\u00e7\\u00e3o\",\"second_title\":\"\",\"url\":\"\",\"header_type\":\"heading_9\",\"header_background\":\"\",\"header_secondary_background\":\"\",\"header_text_color\":\"\",\"header_line_color\":\"#3d348b\",\"header_accent_color\":\"\",\"header_filter_category\":\"\",\"header_filter_author\":\"\",\"header_filter_tag\":\"\",\"header_filter_text\":\"All\",\"post_type\":\"post\",\"content_type\":\"all\",\"number_post\":\"3\",\"post_offset\":\"0\",\"unique_content\":\"disable\",\"include_post\":\"\",\"exclude_post\":\"\",\"include_category\":\"60\",\"exclude_category\":\"\",\"include_author\":\"\",\"include_tag\":\"\",\"exclude_tag\":\"\",\"sort_by\":\"latest\",\"date_format\":\"default\",\"date_format_custom\":\"Y\\\/m\\\/d\",\"force_normal_image_load\":\"\",\"pagination_mode\":\"disable\",\"pagination_nextprev_showtext\":\"\",\"pagination_number_post\":6,\"pagination_scroll_limit\":0,\"boxed\":\"true\",\"boxed_shadow\":\"true\",\"el_id\":\"\",\"el_class\":\"\",\"scheme\":\"\",\"column_width\":\"4\",\"title_color\":\"\",\"accent_color\":\"\",\"alt_color\":\"\",\"excerpt_color\":\"\",\"css\":\"\",\"compatible_column_notice\":\"\",\"paged\":1,\"column_class\":\"jeg_col_1o3\",\"class\":\"jnews_block_19\"};<\/script>\n\t\t\t\t<\/div>[\/vc_column][\/vc_row][vc_row][vc_column][vc_raw_html]JTNDZGl2JTIwaWQlM0QlMjJleHRlcm5vLWZ1bGwtYm94JTIyJTNFJTNDJTJGZGl2JTNFJTBBJTNDc2NyaXB0JTNFJTBBJTA5alF1ZXJ5JTI4ZG9jdW1lbnQlMjkucmVhZHklMjhmdW5jdGlvbiUyOCUyOSU3QiUyMGpRdWVyeSUyOCUyNyUyM2V4dGVybm8tZnVsbC1ib3glMjclMjkubG9hZCUyOCUyN2h0dHBzJTNBJTJGJTJGdG9wdmlwcy5jb20uYnIlMkZ3cC1hZG1pbiUyRmFkbWluLWFqYXgucGhwJTNGYWN0aW9uJTNEYWEtc2VydmVyLXNlbGVjdCUyNnAlM0RleHRlcm5vLWZ1bGwlMjBkaXYlM0FmaXJzdCUyNyUyOS5pbm5lckhUTUwlM0IlMjAlN0QlMjklM0IlMEElM0MlMkZzY3JpcHQlM0U=[\/vc_raw_html][\/vc_column][\/vc_row]<\/p>\n<input type=\"hidden\" id=\"baseurl\" value=\"https:\/\/noticiasdestaque.com.br\"><input type=\"hidden\" id=\"audio_nonce\" value=\"35cc8f9b14\">","protected":false},"excerpt":{"rendered":"<p>[vc_row][vc_column][vc_raw_html]JTNDZGl2JTIwaWQlM0QlMjJleHRlcm5vLWZ1bGwtYm94JTIyJTNFJTNDJTJGZGl2JTNFJTBBJTNDc2NyaXB0JTNFJTBBJTA5alF1ZXJ5JTI4ZG9jdW1lbnQlMjkucmVhZHklMjhmdW5jdGlvbiUyOCUyOSU3QiUyMGpRdWVyeSUyOCUyNyUyM2V4dGVybm8tZnVsbC1ib3glMjclMjkubG9hZCUyOCUyN2h0dHBzJTNBJTJGJTJGdG9wdmlwcy5jb20uYnIlMkZ3cC1hZG1pbiUyRmFkbWluLWFqYXgucGhwJTNGYWN0aW9uJTNEYWEtc2VydmVyLXNlbGVjdCUyNnAlM0RleHRlcm5vLWZ1bGwlMjBkaXYlM0FmaXJzdCUyNyUyOS5pbm5lckhUTUwlM0IlMjAlN0QlMjklM0IlMEElM0MlMkZzY3JpcHQlM0UlMEE=[\/vc_raw_html][\/vc_column][vc_column offset=&#8221;vc_hidden-xs&#8221;][vc_empty_space height=&#8221;10px&#8221;][\/vc_column][\/vc_row][vc_row vc_row_background=&#8221;&#8221;][vc_column offset=&#8221;vc_col-md-8&#8243;][\/vc_column][vc_column width=&#8221;1\/3&#8243; sticky_sidebar=&#8221;yes&#8221; set_as_sidebar=&#8221;yes&#8221; offset=&#8221;vc_hidden-sm vc_hidden-xs&#8221;][vc_raw_html]JTNDZGl2JTIwaWQlM0QlMjJleHRlcm5vLWJveC1ib3glMjIlM0UlM0MlMkZkaXYlM0UlMEElM0NzY3JpcHQlM0UlMEElMDlqUXVlcnklMjhkb2N1bWVudCUyOS5yZWFkeSUyOGZ1bmN0aW9uJTI4JTI5JTdCJTIwalF1ZXJ5JTI4JTI3JTIzZXh0ZXJuby1ib3gtYm94JTI3JTI5LmxvYWQlMjglMjdodHRwcyUzQSUyRiUyRnRvcHZpcHMuY29tLmJyJTJGd3AtYWRtaW4lMkZhZG1pbi1hamF4LnBocCUzRmFjdGlvbiUzRGFhLXNlcnZlci1zZWxlY3QlMjZwJTNEZXh0ZXJuby1ib3glMjBkaXYlM0FmaXJzdCUyNyUyOS5pbm5lckhUTUwlM0IlMjAlN0QlMjklM0IlMEElM0MlMkZzY3JpcHQlM0U=[\/vc_raw_html][vc_raw_html]JTNDZGl2JTIwaWQlM0QlMjJleHRlcm5vLWJveC1ib3glMjIlM0UlM0MlMkZkaXYlM0UlMEElM0NzY3JpcHQlM0UlMEElMDlqUXVlcnklMjhkb2N1bWVudCUyOS5yZWFkeSUyOGZ1bmN0aW9uJTI4JTI5JTdCJTIwalF1ZXJ5JTI4JTI3JTIzZXh0ZXJuby1ib3gtYm94JTI3JTI5LmxvYWQlMjglMjdodHRwcyUzQSUyRiUyRnRvcHZpcHMuY29tLmJyJTJGd3AtYWRtaW4lMkZhZG1pbi1hamF4LnBocCUzRmFjdGlvbiUzRGFhLXNlcnZlci1zZWxlY3QlMjZwJTNEZXh0ZXJuby1ib3glMjBkaXYlM0FmaXJzdCUyNyUyOS5pbm5lckhUTUwlM0IlMjAlN0QlMjklM0IlMEElM0MlMkZzY3JpcHQlM0U=[\/vc_raw_html][\/vc_column][\/vc_row][vc_row][vc_column][vc_raw_html]JTNDZGl2JTIwaWQlM0QlMjJleHRlcm5vLWZ1bGwtYm94JTIyJTNFJTNDJTJGZGl2JTNFJTBBJTNDc2NyaXB0JTNFJTBBJTA5alF1ZXJ5JTI4ZG9jdW1lbnQlMjkucmVhZHklMjhmdW5jdGlvbiUyOCUyOSU3QiUyMGpRdWVyeSUyOCUyNyUyM2V4dGVybm8tZnVsbC1ib3glMjclMjkubG9hZCUyOCUyN2h0dHBzJTNBJTJGJTJGdG9wdmlwcy5jb20uYnIlMkZ3cC1hZG1pbiUyRmFkbWluLWFqYXgucGhwJTNGYWN0aW9uJTNEYWEtc2VydmVyLXNlbGVjdCUyNnAlM0RleHRlcm5vLWZ1bGwlMjBkaXYlM0FmaXJzdCUyNyUyOS5pbm5lckhUTUwlM0IlMjAlN0QlMjklM0IlMEElM0MlMkZzY3JpcHQlM0UlMEE=[\/vc_raw_html][\/vc_column][\/vc_row][vc_row][vc_column width=&#8221;1\/3&#8243;][\/vc_column][vc_column width=&#8221;1\/3&#8243;][\/vc_column][vc_column width=&#8221;1\/3&#8243;][\/vc_column][\/vc_row][vc_row][vc_column][vc_raw_html]JTNDZGl2JTIwaWQlM0QlMjJleHRlcm5vLWZ1bGwtYm94JTIyJTNFJTNDJTJGZGl2JTNFJTBBJTNDc2NyaXB0JTNFJTBBJTA5alF1ZXJ5JTI4ZG9jdW1lbnQlMjkucmVhZHklMjhmdW5jdGlvbiUyOCUyOSU3QiUyMGpRdWVyeSUyOCUyNyUyM2V4dGVybm8tZnVsbC1ib3glMjclMjkubG9hZCUyOCUyN2h0dHBzJTNBJTJGJTJGdG9wdmlwcy5jb20uYnIlMkZ3cC1hZG1pbiUyRmFkbWluLWFqYXgucGhwJTNGYWN0aW9uJTNEYWEtc2VydmVyLXNlbGVjdCUyNnAlM0RleHRlcm5vLWZ1bGwlMjBkaXYlM0FmaXJzdCUyNyUyOS5pbm5lckhUTUwlM0IlMjAlN0QlMjklM0IlMEElM0MlMkZzY3JpcHQlM0U=[\/vc_raw_html][\/vc_column][\/vc_row]<\/p>\n","protected":false},"author":1,"featured_media":0,"parent":0,"menu_order":0,"comment_status":"closed","ping_status":"closed","template":"template-builder.php","meta":{"footnotes":""},"class_list":["post-91","page","type-page","status-publish","hentry"],"distributor_meta":false,"distributor_terms":false,"distributor_media":false,"distributor_original_site_name":"Noticias em Destaque","distributor_original_site_url":"https:\/\/noticiasdestaque.com.br","push-errors":false,"_links":{"self":[{"href":"https:\/\/noticiasdestaque.com.br\/index.php\/wp-json\/wp\/v2\/pages\/91","targetHints":{"allow":["GET"]}}],"collection":[{"href":"https:\/\/noticiasdestaque.com.br\/index.php\/wp-json\/wp\/v2\/pages"}],"about":[{"href":"https:\/\/noticiasdestaque.com.br\/index.php\/wp-json\/wp\/v2\/types\/page"}],"author":[{"embeddable":true,"href":"https:\/\/noticiasdestaque.com.br\/index.php\/wp-json\/wp\/v2\/users\/1"}],"replies":[{"embeddable":true,"href":"https:\/\/noticiasdestaque.com.br\/index.php\/wp-json\/wp\/v2\/comments?post=91"}],"version-history":[{"count":5,"href":"https:\/\/noticiasdestaque.com.br\/index.php\/wp-json\/wp\/v2\/pages\/91\/revisions"}],"predecessor-version":[{"id":15935,"href":"https:\/\/noticiasdestaque.com.br\/index.php\/wp-json\/wp\/v2\/pages\/91\/revisions\/15935"}],"wp:attachment":[{"href":"https:\/\/noticiasdestaque.com.br\/index.php\/wp-json\/wp\/v2\/media?parent=91"}],"curies":[{"name":"wp","href":"https:\/\/api.w.org\/{rel}","templated":true}]}}